{"id":703,"date":"2019-04-03T15:39:10","date_gmt":"2019-04-03T13:39:10","guid":{"rendered":"https:\/\/architecte-rc.com\/?page_id=703"},"modified":"2019-05-29T13:04:18","modified_gmt":"2019-05-29T11:04:18","slug":"scanner-3d","status":"publish","type":"page","link":"https:\/\/architecte-rc.com\/index.php\/scanner-3d\/","title":{"rendered":"Scanner 3D"},"content":{"rendered":"<p>[et_pb_section fb_built=\u00a0\u00bb1&Prime; inner_shadow=\u00a0\u00bbon\u00a0\u00bb next_background_color=\u00a0\u00bb#ffffff\u00a0\u00bb admin_label=\u00a0\u00bbWelcome &#038; About Us\u00a0\u00bb _builder_version=\u00a0\u00bb3.22.4&Prime; background_color=\u00a0\u00bb#121212&Prime; use_background_color_gradient=\u00a0\u00bbon\u00a0\u00bb background_color_gradient_start=\u00a0\u00bb#121212&Prime; background_color_gradient_end=\u00a0\u00bbrgba(18,18,18,0.6)\u00a0\u00bb background_color_gradient_start_position=\u00a0\u00bb20%\u00a0\u00bb background_color_gradient_overlays_image=\u00a0\u00bbon\u00a0\u00bb background_image=\u00a0\u00bbhttps:\/\/architecte-rc.com\/wp-content\/uploads\/2019\/04\/rempart-mauleon-3.jpg\u00a0\u00bb parallax=\u00a0\u00bbon\u00a0\u00bb custom_padding=\u00a0\u00bb8%|0px|0%|0px||\u00a0\u00bb bottom_divider_style=\u00a0\u00bbslant2&Prime; bottom_divider_flip=\u00a0\u00bbhorizontal\u00a0\u00bb][et_pb_row use_custom_gutter=\u00a0\u00bbon\u00a0\u00bb gutter_width=\u00a0\u00bb1&Prime; custom_padding=\u00a0\u00bb0px|0px|0px|0px||\u00a0\u00bb custom_margin=\u00a0\u00bb|||\u00a0\u00bb _builder_version=\u00a0\u00bb3.22.3&Prime; background_size=\u00a0\u00bbinitial\u00a0\u00bb background_position=\u00a0\u00bbtop_left\u00a0\u00bb background_repeat=\u00a0\u00bbrepeat\u00a0\u00bb min_height=\u00a0\u00bb52px\u00a0\u00bb custom_width_px=\u00a0\u00bb992px\u00a0\u00bb][et_pb_column type=\u00a0\u00bb4_4&Prime; _builder_version=\u00a0\u00bb3.0.47&Prime;][et_pb_text _builder_version=\u00a0\u00bb3.22.7&Prime; text_font=\u00a0\u00bb||||||||\u00a0\u00bb header_font=\u00a0\u00bbRoboto|100||on|||||\u00a0\u00bb header_text_align=\u00a0\u00bbcenter\u00a0\u00bb header_font_size=\u00a0\u00bb50px\u00a0\u00bb header_3_font=\u00a0\u00bbKarla|700||on|||||\u00a0\u00bb header_3_text_color=\u00a0\u00bbrgba(255,255,255,0.6)\u00a0\u00bb header_3_font_size=\u00a0\u00bb16px\u00a0\u00bb header_3_letter_spacing=\u00a0\u00bb1px\u00a0\u00bb background_layout=\u00a0\u00bbdark\u00a0\u00bb module_alignment=\u00a0\u00bbleft\u00a0\u00bb custom_margin=\u00a0\u00bb|||\u00a0\u00bb header_font_size_phone=\u00a0\u00bb30px\u00a0\u00bb header_font_size_last_edited=\u00a0\u00bbon|phone\u00a0\u00bb locked=\u00a0\u00bboff\u00a0\u00bb]<\/p>\n<h1 style=\"text-align: center;\"><span style=\"color: #c2ab92;\">SCANNER 3D<br \/>\n<\/span><\/h1>\n<p>[\/et_pb_text][\/et_pb_column][\/et_pb_row][et_pb_row use_custom_gutter=\u00a0\u00bbon\u00a0\u00bb gutter_width=\u00a0\u00bb1&Prime; custom_padding=\u00a0\u00bb27px|0px|100px|0px\u00a0\u00bb custom_margin=\u00a0\u00bb|||\u00a0\u00bb _builder_version=\u00a0\u00bb3.22.3&Prime; background_size=\u00a0\u00bbinitial\u00a0\u00bb background_position=\u00a0\u00bbtop_left\u00a0\u00bb background_repeat=\u00a0\u00bbrepeat\u00a0\u00bb min_height=\u00a0\u00bb119px\u00a0\u00bb custom_width_px=\u00a0\u00bb992px\u00a0\u00bb][et_pb_column type=\u00a0\u00bb4_4&Prime; _builder_version=\u00a0\u00bb3.0.47&Prime;][et_pb_text admin_label=\u00a0\u00bbTeam Section Subtitle\u00a0\u00bb _builder_version=\u00a0\u00bb3.22.7&Prime; text_font=\u00a0\u00bb|300|||||||\u00a0\u00bb text_line_height=\u00a0\u00bb1.1em\u00a0\u00bb header_font=\u00a0\u00bb||||||||\u00a0\u00bb background_size=\u00a0\u00bbinitial\u00a0\u00bb background_position=\u00a0\u00bbtop_left\u00a0\u00bb background_repeat=\u00a0\u00bbrepeat\u00a0\u00bb text_orientation=\u00a0\u00bbcenter\u00a0\u00bb background_layout=\u00a0\u00bbdark\u00a0\u00bb module_alignment=\u00a0\u00bbcenter\u00a0\u00bb animation_style=\u00a0\u00bbfold\u00a0\u00bb animation_direction=\u00a0\u00bbbottom\u00a0\u00bb animation_intensity_fold=\u00a0\u00bb20%\u00a0\u00bb]<\/p>\n<p style=\"text-align: justify;\">Que ce soit pour le domaine de l&rsquo;expertise architecturale ou de la sauvegarde du patrimoine, notre Scanner 3D fournit des illustrations 3D hyper-r\u00e9alistes et des images 360\u00b0 immersives rigoureusement identiques \u00e0 l&rsquo;existant. Ce proc\u00e9d\u00e9 nous permet d&rsquo;\u00eatre tr\u00e8s pr\u00e9cis dans les \u00e9tudes et d&rsquo;\u00e9viter de futures erreurs co\u00fbteuses lors de la r\u00e9alisation.<\/p>\n<p>[\/et_pb_text][\/et_pb_column][\/et_pb_row][\/et_pb_section][et_pb_section fb_built=\u00a0\u00bb1&Prime; admin_label=\u00a0\u00bbServices\u00a0\u00bb _builder_version=\u00a0\u00bb3.22.3&Prime; custom_padding=\u00a0\u00bb90px|0px|90px|0px\u00a0\u00bb][et_pb_row custom_padding=\u00a0\u00bb0px|||||\u00a0\u00bb custom_margin=\u00a0\u00bb||50px|\u00a0\u00bb _builder_version=\u00a0\u00bb3.22.3&Prime; max_width=\u00a0\u00bb1440px\u00a0\u00bb use_custom_width=\u00a0\u00bbon\u00a0\u00bb custom_width_px=\u00a0\u00bb1440px\u00a0\u00bb][et_pb_column type=\u00a0\u00bb2_5&Prime; _builder_version=\u00a0\u00bb3.0.47&Prime;][et_pb_image src=\u00a0\u00bbhttps:\/\/architecte-rc.com\/wp-content\/uploads\/2019\/04\/NOTRE-SCANNER.jpg\u00a0\u00bb align_tablet=\u00a0\u00bbcenter\u00a0\u00bb align_last_edited=\u00a0\u00bbon|desktop\u00a0\u00bb _builder_version=\u00a0\u00bb3.23.3&Prime; box_shadow_style=\u00a0\u00bbpreset3&Prime; box_shadow_blur=\u00a0\u00bb80px\u00a0\u00bb max_width_last_edited=\u00a0\u00bboff|desktop\u00a0\u00bb custom_margin=\u00a0\u00bb|||\u00a0\u00bb custom_margin_tablet=\u00a0\u00bb60px|60px|60px|60px\u00a0\u00bb custom_margin_last_edited=\u00a0\u00bboff|desktop\u00a0\u00bb custom_padding=\u00a0\u00bb|||\u00a0\u00bb animation_style=\u00a0\u00bbslide\u00a0\u00bb animation_direction=\u00a0\u00bbleft\u00a0\u00bb animation_intensity_slide=\u00a0\u00bb4%\u00a0\u00bb][\/et_pb_image][\/et_pb_column][et_pb_column type=\u00a0\u00bb3_5&Prime; _builder_version=\u00a0\u00bb3.0.47&Prime;][et_pb_text _builder_version=\u00a0\u00bb3.22.4&Prime; text_font=\u00a0\u00bb||||||||\u00a0\u00bb header_font=\u00a0\u00bbRoboto|100||on|||||\u00a0\u00bb header_3_font=\u00a0\u00bbKarla|700||on|||||\u00a0\u00bb header_3_text_color=\u00a0\u00bb#c2ab92&Prime; header_3_font_size=\u00a0\u00bb16px\u00a0\u00bb header_3_letter_spacing=\u00a0\u00bb1px\u00a0\u00bb module_alignment=\u00a0\u00bbright\u00a0\u00bb custom_margin=\u00a0\u00bb40px||20px|\u00a0\u00bb custom_padding=\u00a0\u00bb|||\u00a0\u00bb header_font_size_phone=\u00a0\u00bb40px\u00a0\u00bb header_font_size_last_edited=\u00a0\u00bboff|desktop\u00a0\u00bb]<\/p>\n<h1>Relev\u00e9s 3D<\/h1>\n<p>[\/et_pb_text][et_pb_divider color=\u00a0\u00bb#c2ab92&Prime; divider_weight=\u00a0\u00bb2px\u00a0\u00bb _builder_version=\u00a0\u00bb3.2&Prime; max_width=\u00a0\u00bb150px\u00a0\u00bb height=\u00a0\u00bb2px\u00a0\u00bb custom_margin=\u00a0\u00bb|||\u00a0\u00bb custom_padding=\u00a0\u00bb|||-80px\u00a0\u00bb custom_padding_tablet=\u00a0\u00bb|0px||\u00a0\u00bb custom_padding_last_edited=\u00a0\u00bboff|desktop\u00a0\u00bb][\/et_pb_divider][et_pb_text _builder_version=\u00a0\u00bb3.22.7&Prime; text_font=\u00a0\u00bb|300|||||||\u00a0\u00bb text_line_height=\u00a0\u00bb1.1em\u00a0\u00bb header_font=\u00a0\u00bb||||||||\u00a0\u00bb header_2_font=\u00a0\u00bb||||||||\u00a0\u00bb header_2_font_size=\u00a0\u00bb40px\u00a0\u00bb header_2_line_height=\u00a0\u00bb1.4em\u00a0\u00bb header_3_font=\u00a0\u00bb||||||||\u00a0\u00bb locked=\u00a0\u00bboff\u00a0\u00bb]<\/p>\n<p>Que vous soyez industriel, entreprise du B\u00e2timent, du domaine culturel, une collectivit\u00e9, propri\u00e9taire priv\u00e9\u2026<\/p>\n<p>Nous pouvons effectuer les relev\u00e9s dont vous avez besoin pour votre projet d\u2019extension, restructuration, r\u00e9am\u00e9nagement\u2026<\/p>\n<p>Ces donn\u00e9es seront ensuite trait\u00e9es dans le logiciel SCENE avant de vous \u00eatre transmises au format souhait\u00e9. Les relev\u00e9s 3D sont tr\u00e8s pr\u00e9cis et peuvent servir \u00e0 une multitude d\u2019applications :<\/p>\n<p>Tous relev\u00e9s int\u00e9rieurs\/ext\u00e9rieurs :<\/p>\n<ul>\n<li>Relev\u00e9s de fa\u00e7ades ;<\/li>\n<li>Relev\u00e9s d\u2019installations ;<\/li>\n<li>Relev\u00e9s de b\u00e2timents\/d\u2019usines.<\/li>\n<\/ul>\n<p style=\"text-align: justify;\">\n<p>[\/et_pb_text][\/et_pb_column][\/et_pb_row][et_pb_row custom_padding=\u00a0\u00bb0px|||||\u00a0\u00bb custom_margin=\u00a0\u00bb||50px|\u00a0\u00bb _builder_version=\u00a0\u00bb3.22.3&Prime; max_width=\u00a0\u00bb1440px\u00a0\u00bb use_custom_width=\u00a0\u00bbon\u00a0\u00bb custom_width_px=\u00a0\u00bb1440px\u00a0\u00bb][et_pb_column type=\u00a0\u00bb2_5&Prime; _builder_version=\u00a0\u00bb3.0.47&Prime;][et_pb_image src=\u00a0\u00bbhttps:\/\/architecte-rc.com\/wp-content\/uploads\/2019\/04\/LA-FAVRIE\u0300RE-axo.jpg\u00a0\u00bb align_tablet=\u00a0\u00bbcenter\u00a0\u00bb align_last_edited=\u00a0\u00bbon|desktop\u00a0\u00bb _builder_version=\u00a0\u00bb3.23&Prime; box_shadow_style=\u00a0\u00bbpreset3&Prime; box_shadow_blur=\u00a0\u00bb80px\u00a0\u00bb max_width_last_edited=\u00a0\u00bboff|desktop\u00a0\u00bb custom_margin=\u00a0\u00bb||0px|||\u00a0\u00bb custom_margin_tablet=\u00a0\u00bb60px|60px|60px|60px\u00a0\u00bb custom_margin_last_edited=\u00a0\u00bboff|desktop\u00a0\u00bb custom_padding=\u00a0\u00bb|||\u00a0\u00bb animation_style=\u00a0\u00bbslide\u00a0\u00bb animation_direction=\u00a0\u00bbleft\u00a0\u00bb animation_intensity_slide=\u00a0\u00bb4%\u00a0\u00bb][\/et_pb_image][et_pb_text _builder_version=\u00a0\u00bb3.22.7&Prime; text_font=\u00a0\u00bb|300|on||||||\u00a0\u00bb custom_margin=\u00a0\u00bb0px||\u00a0\u00bb custom_padding=\u00a0\u00bb0px||\u00a0\u00bb]<\/p>\n<p>LA FAVRIERE<\/p>\n<p>[\/et_pb_text][et_pb_image src=\u00a0\u00bbhttps:\/\/architecte-rc.com\/wp-content\/uploads\/2019\/04\/LA-FAVRIE\u0300RE.jpg\u00a0\u00bb align_tablet=\u00a0\u00bbcenter\u00a0\u00bb align_last_edited=\u00a0\u00bbon|desktop\u00a0\u00bb _builder_version=\u00a0\u00bb3.23&Prime; box_shadow_style=\u00a0\u00bbpreset3&Prime; box_shadow_blur=\u00a0\u00bb80px\u00a0\u00bb max_width_last_edited=\u00a0\u00bboff|desktop\u00a0\u00bb custom_margin=\u00a0\u00bb||1px|||\u00a0\u00bb custom_margin_tablet=\u00a0\u00bb60px|60px|60px|60px\u00a0\u00bb custom_margin_last_edited=\u00a0\u00bboff|desktop\u00a0\u00bb custom_padding=\u00a0\u00bb|||\u00a0\u00bb animation_style=\u00a0\u00bbslide\u00a0\u00bb animation_direction=\u00a0\u00bbleft\u00a0\u00bb animation_intensity_slide=\u00a0\u00bb4%\u00a0\u00bb][\/et_pb_image][et_pb_text _builder_version=\u00a0\u00bb3.22.7&Prime; text_font=\u00a0\u00bb|300|on||||||\u00a0\u00bb custom_margin=\u00a0\u00bb0px||\u00a0\u00bb custom_padding=\u00a0\u00bb0px||\u00a0\u00bb]<\/p>\n<p>LA FAVRIERE<\/p>\n<p>[\/et_pb_text][\/et_pb_column][et_pb_column type=\u00a0\u00bb3_5&Prime; _builder_version=\u00a0\u00bb3.0.47&Prime;][et_pb_text _builder_version=\u00a0\u00bb3.22.4&Prime; text_font=\u00a0\u00bb||||||||\u00a0\u00bb header_font=\u00a0\u00bbRoboto|100||on|||||\u00a0\u00bb header_3_font=\u00a0\u00bbKarla|700||on|||||\u00a0\u00bb header_3_text_color=\u00a0\u00bb#c2ab92&Prime; header_3_font_size=\u00a0\u00bb16px\u00a0\u00bb header_3_letter_spacing=\u00a0\u00bb1px\u00a0\u00bb module_alignment=\u00a0\u00bbright\u00a0\u00bb custom_margin=\u00a0\u00bb40px||20px|\u00a0\u00bb custom_padding=\u00a0\u00bb|||\u00a0\u00bb header_font_size_phone=\u00a0\u00bb40px\u00a0\u00bb header_font_size_last_edited=\u00a0\u00bboff|desktop\u00a0\u00bb]<\/p>\n<h1>Plans 2D \/ 3D<\/h1>\n<p>[\/et_pb_text][et_pb_divider color=\u00a0\u00bb#c2ab92&Prime; divider_weight=\u00a0\u00bb2px\u00a0\u00bb _builder_version=\u00a0\u00bb3.2&Prime; max_width=\u00a0\u00bb150px\u00a0\u00bb height=\u00a0\u00bb2px\u00a0\u00bb custom_margin=\u00a0\u00bb|||\u00a0\u00bb custom_padding=\u00a0\u00bb|||-80px\u00a0\u00bb custom_padding_tablet=\u00a0\u00bb|0px||\u00a0\u00bb custom_padding_last_edited=\u00a0\u00bboff|desktop\u00a0\u00bb]<\/p>\n<h3>D\u00e9marche bioclimatique<\/h3>\n<p>Qu\u2019est ce que le bien \u00eatre thermique ?<\/p>\n<p><img loading=\"lazy\" decoding=\"async\" alt=\"croquis1\" src=\"http:\/\/www.architecte-rc.com\/images\/stories\/bioclimatisme\/croquis1.png\" style=\"float: right;\" width=\"184\" height=\"217\" \/>\u00ab Ne pas avoir trop froid, ni trop chaud, ne pas sentir de courants d\u2019air d\u00e9sagr\u00e9ables. \u00bb<\/p>\n<p>Pour cela il faut donc trouver un \u00e9quilibre thermique et donc contr\u00f4ler les \u00e9changes de chaleur qui s\u2019op\u00e8rent autour de nous. Ils se font suivant plusieurs m\u00e9canismes distincts :<\/p>\n<p>\u2022 <strong><span style=\"color: #000000;\">par conduction<\/span><\/strong> : au contact direct d\u2019un corps plus chaud ou plus froid, par exemple quand on se lave les mains \u00e0 l\u2019eau chaude, ou que l\u2019on marche pied nus sur un carrelage frais<\/p>\n<p>\u2022 <strong><span style=\"color: #000000;\">par convection<\/span><\/strong> : il s\u2019agit des \u00e9changes de chaleur ente le corps et l\u2019air ambiant, d\u2019autant plus importants que l\u2019\u00e9cart de temp\u00e9rature entre les deux est grand. La vitesse de l\u2019air accentue ces \u00e9changes<\/p>\n<p>\u2022 <strong><span style=\"color: #000000;\">par \u00e9vaporation<\/span><\/strong> : en passant de l\u2019\u00e9tat liquide \u00e0 l\u2019\u00e9tat gazeux, l\u2019eau absorbe des calories. La transpiration, en s\u2019\u00e9vaporant, rafra\u00eechit la surface de la peau<\/p>\n<p>\u2022 <span style=\"color: #000000;\"><strong>par rayonnement (ou radiation)<\/strong><\/span> : ce sont les \u00e9changes de rayonnements infrarouges entre le corps et les parois, qu\u2019elles soient froides (une vitre simple en hiver absorbe la chaleur du cors) ou chaudes (un mur chauff\u00e9 par le soleil r\u00e9chauffe le corps, m\u00eame sans le toucher).<\/p>\n<h3>Les bases de l\u2019architecture bioclimatique :<\/h3>\n<p>Le premier objectif de l\u2019architecture bioclimatique consiste \u00e0 rechercher une ad\u00e9quation entre :<\/p>\n<p>\u2022 la conception et la construction de l\u2019enveloppe habit\u00e9e ;<\/p>\n<p>\u2022 le climat et l\u2019environnement dans lequel l\u2019habitat s\u2019implante ;<\/p>\n<p>\u2022 les modes et rythmes de vie des habitants.<\/p>\n<p>Sous nos climats temp\u00e9r\u00e9s, cette recherche d\u2019\u00e9quilibre entre l\u2019habitat et son milieu s\u2019exprime principalement sous forme de deux grands principes saisonniers :<\/p>\n<p>\u2022 en p\u00e9riode froide, favoriser les apports de chaleur gratuite et diminuer les pertes<\/p>\n<p>thermiques, tout en permettant un renouvellement d\u2019air suffisant ;<\/p>\n<p>\u2022 en p\u00e9riode chaude, diminuer les apports calorique et favoriser le rafra\u00eechissement.<\/p>\n<p>Le second objectif de l\u2019architecture bioclimatique est de trouver une ad\u00e9quation entre :<\/p>\n<p>\u2022 le b\u00e2timent<\/p>\n<p>\u2022 les syst\u00e8mes de captage et de protection, l\u2019installation de chauffage et de r\u00e9gulation<\/p>\n<p>\u2022 le mode d\u2019occupation et le comportement des habitants.<\/p>\n<p>Ainsi, le chauffage et le rafra\u00eechissement \u00e9cologiques devront permettre de r\u00e9duire au maximum les besoins de chauffer et de climatiser.<\/p>\n<h3>Conception des espaces et des enveloppes :<\/h3>\n<p>Les fonctions de l\u2019enveloppe : profiter des \u00e9l\u00e9ments favorables du climat et \u00e9carter ceux qui sont d\u00e9favorables.<\/p>\n<p><span style=\"text-decoration: underline;\">Pour la saison froide :<\/span><\/p>\n<p>\u2022 Capter les calories solaires.<\/p>\n<p>\u2022 Les stocker ( pour pouvoir en b\u00e9n\u00e9ficier au moment opportun).<\/p>\n<p>\u2022 Conserver ces calories gratuites et \u00e9viter \u00e9galement la d\u00e9perdition des apports<\/p>\n<p>int\u00e9rieurs (chauffage et autres apports internes).<\/p>\n<p>\u2022 Aider \u00e0 une distribution efficace de l\u2019ensemble de ces calories dans l\u2019espace habit\u00e9.<\/p>\n<p><img loading=\"lazy\" decoding=\"async\" alt=\"croquis2\" src=\"http:\/\/www.architecte-rc.com\/images\/stories\/bioclimatisme\/croquis2.png\" style=\"vertical-align: middle; display: block; margin-left: auto; margin-right: auto;\" width=\"509\" height=\"271\" \/><\/p>\n<p><span style=\"text-decoration: underline;\">Pour la saison chaude :<\/span><\/p>\n<p>\u2022 Prot\u00e9ger du rayonnement solaire.<\/p>\n<p>\u2022 Eviter la p\u00e9n\u00e9tration des calories.<\/p>\n<p>\u2022 Dissiper les calories exc\u00e9dentaires.<\/p>\n<p>\u2022 On peut y ajouter le rafra\u00eechissement et la minimisation des apports internes.<\/p>\n<p><img loading=\"lazy\" decoding=\"async\" alt=\"croquis3\" src=\"http:\/\/www.architecte-rc.com\/images\/stories\/bioclimatisme\/croquis3.png\" style=\"display: block; margin-left: auto; margin-right: auto;\" width=\"509\" height=\"271\" \/><\/p>\n<p><span style=\"text-decoration: underline;\">Pour les demi-saisons :<\/span><\/p>\n<p>L\u2019enveloppe doit pouvoir s\u2019adapter de mani\u00e8re simple aux besoins par une combinaison de ces deux strat\u00e9gies.<\/p>\n<h3>Composer avec le site :<\/h3>\n<p>D\u2019une fa\u00e7on g\u00e9n\u00e9rale, en construction neuve, on choisira sur le terrain l\u2019endroit privil\u00e9gi\u00e9 pour b\u00e9n\u00e9ficier au maximum :<\/p>\n<p>\u2022 des <span style=\"color: #000000;\"><strong>protections naturelles<\/strong><\/span> au vent froid et au soleil estival par les mouvements du terrain naturel et la v\u00e9g\u00e9tation existante ;<\/p>\n<p>\u2022 de l\u2019ensoleillement hivernal en \u00e9vitant les masques port\u00e9s par les feuillages persistants, le relief et les b\u00e2tis existants.<\/p>\n<p><img loading=\"lazy\" decoding=\"async\" alt=\"croquis4\" src=\"http:\/\/www.architecte-rc.com\/images\/stories\/bioclimatisme\/croquis4.png\" style=\"display: block; margin-left: auto; margin-right: auto;\" width=\"501\" height=\"437\" \/><\/p>\n<h3>Optimiser la forme et l\u2019orientation :<\/h3>\n<p><span style=\"text-decoration: underline;\">L\u2019ensoleillement :<\/span><\/p>\n<p>C\u2019est la <span style=\"color: #000000;\"><strong>fa\u00e7ade sud qui re\u00e7oit le maximum de rayonnement solaire en hiver<\/strong><\/span>, et les fa\u00e7ades ouest et est, ainsi que la toiture en \u00e9t\u00e9. Bien que le rayonnement re\u00e7u en \u00e9t\u00e9 par la fa\u00e7ade est soit th\u00e9oriquement sym\u00e9trique \u00e0 celui de la fa\u00e7ade ouest, il est souvent inf\u00e9rieur du fait des n\u00e9bulosit\u00e9s matinales.<\/p>\n<p>On a donc int\u00e9r\u00eat, pour optimiser la thermique d\u2019hiver comme celle d\u2019\u00e9t\u00e9, <span style=\"color: #000000;\"><strong>\u00e0 d\u00e9velopper au maximum la surface des fa\u00e7ades sud, et \u00e0 r\u00e9duire celle des fa\u00e7ades est, ouest et des toitures.<\/strong><\/span><\/p>\n<p><img loading=\"lazy\" decoding=\"async\" alt=\"croquis5\" src=\"http:\/\/www.architecte-rc.com\/images\/stories\/bioclimatisme\/croquis5.png\" style=\"display: block; margin-left: auto; margin-right: auto;\" width=\"517\" height=\"242\" \/><\/p>\n<p><img loading=\"lazy\" decoding=\"async\" alt=\"croquis6\" src=\"http:\/\/www.architecte-rc.com\/images\/stories\/bioclimatisme\/croquis6.png\" style=\"display: block; margin-left: auto; margin-right: auto;\" width=\"517\" height=\"347\" \/><\/p>\n<p><span style=\"text-decoration: underline;\">La compacit\u00e9 :<\/span><\/p>\n<p><img loading=\"lazy\" decoding=\"async\" alt=\"croquis7\" src=\"http:\/\/www.architecte-rc.com\/images\/stories\/bioclimatisme\/croquis7.png\" style=\"float: right;\" width=\"256\" height=\"302\" \/>Pour un volume habit\u00e9 \u00e9quivalent, l\u2019enveloppe pr\u00e9sentant <span style=\"color: #000000;\"><strong>la plus faible surface de parois ext\u00e9rieures sera celle pr\u00e9sentant le moins de d\u00e9perditions thermiques.<\/strong><\/span> La recherche d\u2019une compacit\u00e9 relative se justifie aussi largement d\u2019un point de vue \u00e9conomique : moindre quantit\u00e9 de mat\u00e9riaux, moindre complexit\u00e9, et donc moindre co\u00fbts (\u00e9conomiques et \u00e9cologiques) de construction et de maintenance.<\/p>\n<p>Une autre \u00e9conomie appr\u00e9ciable de la compacit\u00e9 pour une maison par ailleurs bien con\u00e7ue d\u2019un point de vue bioclimatique est de pouvoir <span style=\"color: #000000;\"><strong>disposer au centre de l\u2019habitat d\u2019un unique appareil de chauffage par rayonnement<\/strong><\/span> qui apporte l\u2019appoint n\u00e9cessaire en saison froide.<\/p>\n<h3>Organiser les zones d\u2019habitat selon l\u2019ambiance thermique des espaces :<\/h3>\n<p>Les espaces habit\u00e9s en permanence de jour ou de nuit \u00e9tant ceux qui n\u00e9cessitent le plus de chaleur en hivers sont s\u00e9par\u00e9s de l\u2019ext\u00e9rieur par des espaces interm\u00e9diaires, dits \u00ab tampons \u00bb qui jouent le <span style=\"color: #000000;\"><strong>r\u00f4le de transitions et de protections thermiques.<\/strong><\/span><\/p>\n<p>\u2022 <span style=\"color: #000000;\"><strong>Au nord<\/strong><\/span>, on disposera prioritairement les espaces non chauff\u00e9s ou ceux ne n\u00e9cessitant pas une temp\u00e9rature \u00e9lev\u00e9e. En abaissant ainsi l\u2019\u00e9cart de temp\u00e9rature avec l\u2019ext\u00e9rieur selon les cas de 5 \u00e0 10\u00b0C, ces espaces tampons peuvent r\u00e9duire les d\u00e9perditions de 20 \u00e0 30%.<\/p>\n<p>\u2022 <span style=\"color: #000000;\"><strong>Au sud<\/strong><\/span>, la serre est un espace tampon temporairement limitant le refroidissement de nuit en hiver, mais aussi et surtout un espace capteur de calorie.<\/p>\n<p>\u2022 <span style=\"color: #000000;\"><strong>A l\u2019est et \u00e0 l\u2019ouest<\/strong><\/span>, on disposera de pr\u00e9f\u00e9rence des pi\u00e8ces demandant plut\u00f4t \u00e0 \u00eatre temp\u00e9r\u00e9es que chauff\u00e9es fortement, comme les chambres \u00e0 coucher.<\/p>\n<p><img loading=\"lazy\" decoding=\"async\" alt=\"croquis8\" src=\"http:\/\/www.architecte-rc.com\/images\/stories\/bioclimatisme\/croquis8.png\" style=\"display: block; margin-left: auto; margin-right: auto;\" width=\"509\" height=\"335\" \/><\/p>\n<h3>Des parois performantes :<\/h3>\n<p><span style=\"text-decoration: underline;\">Parois vitr\u00e9es :<\/span><\/p>\n<p>La capacit\u00e9 d\u2019un vitrage \u00e0 s\u2019opposer \u00e0 la fuite de calories est exprim\u00e9e par le coefficient de transmission thermique. Symbolis\u00e9 par la lettre U exprim\u00e9 en watts par m\u00e8tre carr\u00e9 Kelvin (W\/m2.K). Plus le coefficient de transmission thermique est faible, plus le vitrage est isolant.<\/p>\n<p>L\u2019am\u00e9lioration du coefficient de transmission U d\u2019un vitrage se fait gr\u00e2ce \u00e0 une ou plusieurs des solutions suivantes :<\/p>\n<p>\u2022 en doublant, voire en triplant le vitrage<\/p>\n<p>\u2022 en augmentant l\u2019\u00e9paisseur de la lame d\u2019air qui les s\u00e9pare<\/p>\n<p>\u2022 en rev\u00eatant une des faces du verre int\u00e9rieur d\u2019une couche \u00e0 faible \u00e9missivit\u00e9 (film<\/p>\n<p>m\u00e9tallique r\u00e9fl\u00e9chissant la chaleur)<\/p>\n<p>\u2022 en rempla\u00e7ant l\u2019air entre les vitrages par un gaz plus lourd que lui comme l\u2019argon ou le krypton pour diminuer les effets de la convection.<\/p>\n<p><img loading=\"lazy\" decoding=\"async\" alt=\"croquis9\" src=\"http:\/\/www.architecte-rc.com\/images\/stories\/bioclimatisme\/croquis9.png\" style=\"display: block; margin-left: auto; margin-right: auto;\" width=\"509\" height=\"440\" \/><\/p>\n<p><span style=\"text-decoration: underline;\">Parois opaques :<\/span><\/p>\n<p>Les parois et leur capacit\u00e9 diff\u00e8rent selon leur composition et leur fabrication :<\/p>\n<p>La composition :<\/p>\n<p>Une grande partie des calories capt\u00e9es du rayonnement solaire ou produites par les syst\u00e8mes de chauffage <span style=\"color: #000000;\"><strong>s\u2019\u00e9chappe des b\u00e2timents en traversant par conduction les parois ext\u00e9rieures en saison froide.<\/strong><\/span><\/p>\n<p>Pour qualifier la r\u00e9sistance thermique d\u2019une paroi, on utilise le coefficient de transmission thermique surfacique U, il d\u00e9pend de la conductivit\u00e9 thermique (coefficient lambda) et de l\u2019\u00e9paisseur des diff\u00e9rents composants de la paroi.<\/p>\n<p><strong>Plus U est faible plus la paroi est isolante.<\/strong><\/p>\n<p>Il faut n\u00e9anmoins penser que la valeur de U va descendre en fonction :<\/p>\n<p>\u2022 des liaisons entre parois et entre \u00e9l\u00e9ment de parois (ponts thermiques)<\/p>\n<p>\u2022 <span style=\"color: #000000;\"><strong>des d\u00e9fauts d\u2019\u00e9tanch\u00e9it\u00e9<\/strong><\/span><\/p>\n<p>\u2022 des \u00e9ventuels d\u00e9fauts de pose<\/p>\n<p>\u2022 des pertes de performance des mat\u00e9riaux et syst\u00e8mes constructifs dans le temps.<\/p>\n<p><span style=\"text-decoration: underline;\">Les ponts thermiques :<\/span><\/p>\n<p>Ils sont les parties de l\u2019enveloppe d\u2019un b\u00e2timent o\u00f9 sa r\u00e9sistance thermique est affaiblie de fa\u00e7on sensible. On les retrouve g\u00e9n\u00e9ralement \u00e0 la jonction de diff\u00e9rentes parois : entre deux fa\u00e7ades, entre mur et dalle, \u00e0 l\u2019entourage des menuiseries ext\u00e9rieures, au niveau des coffres de volets roulants, etc.<\/p>\n<p><img loading=\"lazy\" decoding=\"async\" alt=\"croquis11\" src=\"http:\/\/www.architecte-rc.com\/images\/stories\/bioclimatisme\/croquis11.png\" style=\"display: block; margin-left: auto; margin-right: auto;\" width=\"496\" height=\"401\" \/><\/p>\n<p><span style=\"color: #000000;\"><strong>La pr\u00e9sence de ponts thermique peut cependant \u00eatre \u00e9vit\u00e9e o\u00f9 limit\u00e9e<\/strong><\/span>. En construction neuve elle d\u00e9pend principalement du syst\u00e8me constructif choisi : peu de ponts thermique avec le syst\u00e8me d\u2019isolation r\u00e9partie (briques auto isolantes, b\u00e9ton cellulaire,\u2026), quasiment aucun avec les maison \u00e0 ossature bois et les syst\u00e8me d\u2019isolation par l\u2019ext\u00e9rieur.<\/p>\n<p><span style=\"text-decoration: underline;\">Autre avantages de la fa\u00e7ade bois :<\/span><\/p>\n<p>Gr\u00e2ce \u00e0 sa lame d\u2019air la fa\u00e7ade \u00e0 ossature bois permet d\u2019avoir toujours une temp\u00e9rature int\u00e9rieur inf\u00e9rieur \u00e0 celle d\u2019une fa\u00e7ade sans lame d\u2019air. Ainsi on a un avantage au niveau thermique et <span style=\"color: #000000;\"><strong>donc un gain aussi \u00e9conomique.<\/strong><\/span><\/p>\n<p><span style=\"color: #000000;\"><strong><img loading=\"lazy\" decoding=\"async\" alt=\"croquis12\" src=\"http:\/\/www.architecte-rc.com\/images\/stories\/bioclimatisme\/croquis12.png\" style=\"display: block; margin-left: auto; margin-right: auto;\" width=\"496\" height=\"248\" \/><\/strong><\/span><\/p>\n<p>Une isolation thermique performante est une isolation qui vous prot\u00e8gera aussi bien du froid que des fortes chaleurs.<\/p>\n<p><span style=\"text-decoration: underline;\">Une bonne isolation thermique est importante afin :<\/span><\/p>\n<p>\u2022 de diminuer la consommation de chauffage<\/p>\n<p>\u2022 de supprimer la consommation de climatisation<\/p>\n<p>\u2022 de r\u00e9duire les \u00e9missions de gaz \u00e0 effet de serre<\/p>\n<h3>UNE ISOLATION THERMIQUE PERFORMANTE EST UNE ISOLATION QUI VOUS PROTEGERA AUSSI BIEN DU FROID QUE DES FORTES CHALEURS<\/h3>\n<p>Une bonne isolation thermique est importante afin :<\/p>\n<p>\u00a0\u00a0\u00a0\u00a0\u00a0\u00a0 \u2022 de diminuer la consommation de chauffage<\/p>\n<p>\u00a0\u00a0\u00a0\u00a0\u00a0\u00a0 \u2022 de supprimer la consommation de climatisation<\/p>\n<p>\u00a0\u00a0\u00a0\u00a0\u00a0\u00a0 \u2022 de r\u00e9duire les \u00e9missions de gaz \u00e0 effet de serre<\/p>\n<p><img loading=\"lazy\" decoding=\"async\" alt=\"croquis13\" src=\"http:\/\/www.architecte-rc.com\/images\/stories\/bioclimatisme\/croquis13.png\" style=\"display: block; margin-left: auto; margin-right: auto;\" width=\"452\" height=\"427\" \/><\/p>\n<p><span style=\"text-decoration: underline;\">Isoler sainement<\/span><\/p>\n<p>Par essence, <span style=\"color: #000000;\"><strong>l\u2019isolation a vocation \u00e0 pr\u00e9server l\u2019environnement car elle permet des \u00e9conomies de chauffage et donc un moindre recours aux sources d\u2019\u00e9nergies polluantes.<\/strong><\/span><\/p>\n<p>Concernant les isolants, <strong><span style=\"color: #000000;\">la plupart des probl\u00e8mes d\u2019humidit\u00e9 proviennent de la condensation de la vapeur d\u2019eau contenue dans l\u2019air int\u00e9rieur chauff\u00e9, lorsqu\u2019il se refroidit en se rapprochant de la face externe des parois.<\/span><\/strong><\/p>\n<p>Conventionnellement, pour supprimer les transferts de calories dus \u00e0 un mur humide on utilise <span style=\"color: #000000;\"><strong>un pare-vapeur<\/strong><\/span> (imperm\u00e9able \u00e0 la vapeur d\u2019eau). Ce n\u2019est pas toujours la meilleure solution car sa mise en \u0153uvre implique une grande quantit\u00e9 de raccords qui constituent des passages \u00ab entonnoir \u00bb par o\u00f9 s\u2019\u00e9chappe la vapeur d\u2019eau, ce qui a pour effet de concentrer et d\u2019accentuer les d\u00e9gradations. Si le pare-vapeur est parfaitement pos\u00e9, il est imp\u00e9ratif d\u2019extraire la vapeur d\u2019eau en exc\u00e8s \u00e0 l\u2019int\u00e9rieur par une <strong><span style=\"color: #000000;\">VMC<\/span><\/strong> (ventilation m\u00e9canique contr\u00f4l\u00e9e) pour b\u00e9n\u00e9ficier d\u2019une qualit\u00e9 d\u2019air correcte car les parois ainsi \u00e9tanch\u00e9es n\u2019ont plus aucune capacit\u00e9 hygroscopique (facult\u00e9 \u00e0 absorber le surplus de vapeur d\u2019eau quand l\u2019air est trop humide et \u00e0 le restituer lorsqu\u2019il s\u2019ass\u00e8che).<\/p>\n<p><span style=\"color: #000000;\"><strong>En revanche, dans la m\u00e9thode \u00e9cologique<\/strong><\/span>, on ne r\u00e9alise pas de parois \u00e9tanches \u00e0 la vapeur d\u2019eau, ce qui permet d\u2019\u00e9viter les probl\u00e8mes de condensation. De plus, <span style=\"color: #000000;\"><strong>on utilise des mat\u00e9riaux poreux (\u00ab respirants \u00bb)<\/strong><\/span>, avec une grande capacit\u00e9 hygroscopique et on b\u00e9n\u00e9ficie ainsi des \u00e9changes entre les parois et l\u2019air ext\u00e9rieur. Par ailleurs, un isolant doit \u00eatre perm\u00e9able \u00e0 la vapeur d\u2019eau pour ne pas occasionner de g\u00eanes dus \u00e0 l\u2019humidit\u00e9.<\/p>\n<p>L\u2019isolation \u00e9cologique s\u2019int\u00e9resse \u00e0 l&rsquo;impact des techniques et des mat\u00e9riaux choisis sur l&rsquo;environnement, sur la sant\u00e9 et sur le bien-\u00eatre, en \u00e9vitant les mat\u00e9riaux dont la fabrication est polluante ou le recyclage impossible. Sur la sant\u00e9, en choisissant des mat\u00e9riaux sans risques pour ceux qui les fabriquent ou les mettent en \u0153uvre et pour les occupants. Sur le bien-\u00eatre, en pr\u00e9f\u00e9rant des modes d&rsquo;isolation qui n&rsquo;entravent pas les \u00e9changes entre la maison et l&rsquo;ext\u00e9rieur. <strong><span style=\"color: #000000;\">Une pi\u00e8ce est confortable si la diff\u00e9rence de temp\u00e9rature entre son air et ses murs n\u2019exc\u00e8de pas 3\u00b0C.<\/span><\/strong><\/p>\n<p><span style=\"text-decoration: underline;\">Faut-il isoler par l\u2019int\u00e9rieur ou par l\u2019ext\u00e9rieur ?<\/span><\/p>\n<p>\u2022 <strong>Isolation par l\u2019int\u00e9rieur<\/strong><\/p>\n<p>Elle permet un r\u00e9chauffement rapide de l\u2019air int\u00e9rieur (ce qui est utile dans les locaux \u00e0 utilisation intermittente) car l\u2019inertie thermique (capacit\u00e9 \u00e0 emmagasiner de la chaleur et \u00e0 la restituer plus tard, on parle alors de d\u00e9phasage) du mur n\u2019est pas effective. Toutefois, attention au risque de surchauffe l\u2019\u00e9t\u00e9.<\/p>\n<p>Ne modifie pas l\u2019aspect ext\u00e9rieur.<\/p>\n<p>Elle ne r\u00e9sout pas les ponts thermiques, c&rsquo;est-\u00e0-dire <span style=\"color: #000000;\"><strong>les zones \u00e9chappatoires des calories<\/strong><\/span> o\u00f9 la barri\u00e8re isolante est rompue, mais \u00e9vite le rayonnement des parois froides.<\/p>\n<p>\u2022 <span style=\"color: #000000;\"><strong>Isolation par l\u2019ext\u00e9rieur<\/strong><\/span><\/p>\n<p>Elle permet de profiter de <span style=\"color: #000000;\"><strong>l\u2019inertie thermique des murs<\/strong><\/span> pour r\u00e9guler la temp\u00e9rature dans la pi\u00e8ce, quand elle est chauff\u00e9e, les murs accumulent une partie de la chaleur qu\u2019ils restitueront progressivement lorsque le chauffage sera \u00e9teint. L\u2019inconv\u00e9nient est qu\u2019elle n\u00e9cessite un temps plus important pour r\u00e9chauffer une pi\u00e8ce froide.<\/p>\n<p>En outre, elle maintient la fra\u00eecheur en \u00e9t\u00e9 et \u00e9vite les ponts thermiques.<\/p>\n<p>C\u2019est une technique qui n\u2019est pas adapt\u00e9e aux r\u00e9sidences secondaires et qui peut s\u2019av\u00e9rer co\u00fbteuse.<\/p>\n<p style=\"text-align: center;\"><img loading=\"lazy\" decoding=\"async\" alt=\"trait-gris\" src=\"http:\/\/www.architecte-rc.com\/images\/stories\/bioclimatisme\/trait-gris.png\" width=\"503\" height=\"11\" \/><\/p>\n<h3>Sources<\/h3>\n<p><span style=\"text-decoration: underline;\">Articles :<\/span><\/p>\n<p>de INFO &#8211; ENERGIE : l&rsquo;isolation \u00e9cologique<br \/> du CAUE 79 : sur la conception bioclimatique<\/p>\n<p><span style=\"text-decoration: underline;\">Livres :<\/span><\/p>\n<p><strong><span style=\"color: #000000;\"><em>Chauffage, isolation et ventillation \u00e9cologiques<\/em><\/span><\/strong><br \/> de Paul DE HAUT, edition EYROLLES, Marsat 2007<\/p>\n<p><span style=\"color: #000000;\"><strong><em>La conception bioclimatique<\/em><\/strong><\/span><br \/> de Samuel CouRGEY et Jean-Pierre OLIVIA<\/p>\n<p><em><span style=\"color: #000000;\"><strong>La conception bioclimatique<\/strong><\/span><\/em><br \/> \u00e9dition TERRE VIVANTE, Mens 2006<\/p>\n<p>[\/et_pb_divider][et_pb_text _builder_version=\u00a0\u00bb3.22.7&Prime; text_font=\u00a0\u00bb|300|||||||\u00a0\u00bb text_line_height=\u00a0\u00bb1.1em\u00a0\u00bb header_font=\u00a0\u00bb||||||||\u00a0\u00bb header_2_font=\u00a0\u00bb||||||||\u00a0\u00bb header_2_font_size=\u00a0\u00bb40px\u00a0\u00bb header_2_line_height=\u00a0\u00bb1.4em\u00a0\u00bb header_3_font=\u00a0\u00bb||||||||\u00a0\u00bb locked=\u00a0\u00bboff\u00a0\u00bb]<\/p>\n<p>Du relev\u00e9 scanner 3D aux plans 2D, vous pouvez obtenir :<\/p>\n<ul>\n<li>La cr\u00e9ation de plans 2D (plans de fa\u00e7ades, niveaux, sections, \u00e9l\u00e9vations\u2026) ;<\/li>\n<li>Des orthophotos de b\u00e2timents ;<\/li>\n<li>La cr\u00e9ation de plans 2D Autocad (dwg).<\/li>\n<\/ul>\n<p>[\/et_pb_text][\/et_pb_column][\/et_pb_row][et_pb_row custom_padding=\u00a0\u00bb0px|||||\u00a0\u00bb custom_margin=\u00a0\u00bb||50px|\u00a0\u00bb _builder_version=\u00a0\u00bb3.22.3&Prime; max_width=\u00a0\u00bb1440px\u00a0\u00bb use_custom_width=\u00a0\u00bbon\u00a0\u00bb custom_width_px=\u00a0\u00bb1440px\u00a0\u00bb][et_pb_column type=\u00a0\u00bb2_5&Prime; _builder_version=\u00a0\u00bb3.0.47&Prime;][et_pb_image src=\u00a0\u00bbhttps:\/\/architecte-rc.com\/wp-content\/uploads\/2019\/04\/Bouille-loretz-eglise.jpg\u00a0\u00bb align_tablet=\u00a0\u00bbcenter\u00a0\u00bb align_last_edited=\u00a0\u00bbon|desktop\u00a0\u00bb _builder_version=\u00a0\u00bb3.23&Prime; box_shadow_style=\u00a0\u00bbpreset3&Prime; box_shadow_blur=\u00a0\u00bb80px\u00a0\u00bb max_width_last_edited=\u00a0\u00bboff|desktop\u00a0\u00bb custom_margin=\u00a0\u00bb||-2px|||\u00a0\u00bb custom_margin_tablet=\u00a0\u00bb60px|60px|60px|60px\u00a0\u00bb custom_margin_last_edited=\u00a0\u00bboff|desktop\u00a0\u00bb custom_padding=\u00a0\u00bb|||\u00a0\u00bb animation_style=\u00a0\u00bbslide\u00a0\u00bb animation_direction=\u00a0\u00bbleft\u00a0\u00bb animation_intensity_slide=\u00a0\u00bb4%\u00a0\u00bb][\/et_pb_image][et_pb_text _builder_version=\u00a0\u00bb3.22.7&Prime; text_font=\u00a0\u00bb|300|on|on|||||\u00a0\u00bb custom_margin=\u00a0\u00bb0px||\u00a0\u00bb custom_padding=\u00a0\u00bb0px||\u00a0\u00bb]<\/p>\n<p>Eglise Bouille-Loretz <\/p>\n<p>[\/et_pb_text][\/et_pb_column][et_pb_column type=\u00a0\u00bb3_5&Prime; _builder_version=\u00a0\u00bb3.0.47&Prime;][et_pb_text _builder_version=\u00a0\u00bb3.22.4&Prime; text_font=\u00a0\u00bb||||||||\u00a0\u00bb header_font=\u00a0\u00bbRoboto|100||on|||||\u00a0\u00bb header_3_font=\u00a0\u00bbKarla|700||on|||||\u00a0\u00bb header_3_text_color=\u00a0\u00bb#c2ab92&Prime; header_3_font_size=\u00a0\u00bb16px\u00a0\u00bb header_3_letter_spacing=\u00a0\u00bb1px\u00a0\u00bb module_alignment=\u00a0\u00bbright\u00a0\u00bb custom_margin=\u00a0\u00bb40px||20px|\u00a0\u00bb custom_padding=\u00a0\u00bb|||\u00a0\u00bb header_font_size_phone=\u00a0\u00bb40px\u00a0\u00bb header_font_size_last_edited=\u00a0\u00bboff|desktop\u00a0\u00bb]<\/p>\n<h1>Imagerie 360\u00b0\/ Visites virtuelles<\/h1>\n<p>[\/et_pb_text][et_pb_divider color=\u00a0\u00bb#c2ab92&Prime; divider_weight=\u00a0\u00bb2px\u00a0\u00bb _builder_version=\u00a0\u00bb3.2&Prime; max_width=\u00a0\u00bb150px\u00a0\u00bb height=\u00a0\u00bb2px\u00a0\u00bb custom_margin=\u00a0\u00bb|||\u00a0\u00bb custom_padding=\u00a0\u00bb|||-80px\u00a0\u00bb custom_padding_tablet=\u00a0\u00bb|0px||\u00a0\u00bb custom_padding_last_edited=\u00a0\u00bboff|desktop\u00a0\u00bb]<\/p>\n<h3>D\u00e9marche bioclimatique<\/h3>\n<p>Qu\u2019est ce que le bien \u00eatre thermique ?<\/p>\n<p><img loading=\"lazy\" decoding=\"async\" alt=\"croquis1\" src=\"http:\/\/www.architecte-rc.com\/images\/stories\/bioclimatisme\/croquis1.png\" style=\"float: right;\" width=\"184\" height=\"217\" \/>\u00ab Ne pas avoir trop froid, ni trop chaud, ne pas sentir de courants d\u2019air d\u00e9sagr\u00e9ables. \u00bb<\/p>\n<p>Pour cela il faut donc trouver un \u00e9quilibre thermique et donc contr\u00f4ler les \u00e9changes de chaleur qui s\u2019op\u00e8rent autour de nous. Ils se font suivant plusieurs m\u00e9canismes distincts :<\/p>\n<p>\u2022 <strong><span style=\"color: #000000;\">par conduction<\/span><\/strong> : au contact direct d\u2019un corps plus chaud ou plus froid, par exemple quand on se lave les mains \u00e0 l\u2019eau chaude, ou que l\u2019on marche pied nus sur un carrelage frais<\/p>\n<p>\u2022 <strong><span style=\"color: #000000;\">par convection<\/span><\/strong> : il s\u2019agit des \u00e9changes de chaleur ente le corps et l\u2019air ambiant, d\u2019autant plus importants que l\u2019\u00e9cart de temp\u00e9rature entre les deux est grand. La vitesse de l\u2019air accentue ces \u00e9changes<\/p>\n<p>\u2022 <strong><span style=\"color: #000000;\">par \u00e9vaporation<\/span><\/strong> : en passant de l\u2019\u00e9tat liquide \u00e0 l\u2019\u00e9tat gazeux, l\u2019eau absorbe des calories. La transpiration, en s\u2019\u00e9vaporant, rafra\u00eechit la surface de la peau<\/p>\n<p>\u2022 <span style=\"color: #000000;\"><strong>par rayonnement (ou radiation)<\/strong><\/span> : ce sont les \u00e9changes de rayonnements infrarouges entre le corps et les parois, qu\u2019elles soient froides (une vitre simple en hiver absorbe la chaleur du cors) ou chaudes (un mur chauff\u00e9 par le soleil r\u00e9chauffe le corps, m\u00eame sans le toucher).<\/p>\n<h3>Les bases de l\u2019architecture bioclimatique :<\/h3>\n<p>Le premier objectif de l\u2019architecture bioclimatique consiste \u00e0 rechercher une ad\u00e9quation entre :<\/p>\n<p>\u2022 la conception et la construction de l\u2019enveloppe habit\u00e9e ;<\/p>\n<p>\u2022 le climat et l\u2019environnement dans lequel l\u2019habitat s\u2019implante ;<\/p>\n<p>\u2022 les modes et rythmes de vie des habitants.<\/p>\n<p>Sous nos climats temp\u00e9r\u00e9s, cette recherche d\u2019\u00e9quilibre entre l\u2019habitat et son milieu s\u2019exprime principalement sous forme de deux grands principes saisonniers :<\/p>\n<p>\u2022 en p\u00e9riode froide, favoriser les apports de chaleur gratuite et diminuer les pertes<\/p>\n<p>thermiques, tout en permettant un renouvellement d\u2019air suffisant ;<\/p>\n<p>\u2022 en p\u00e9riode chaude, diminuer les apports calorique et favoriser le rafra\u00eechissement.<\/p>\n<p>Le second objectif de l\u2019architecture bioclimatique est de trouver une ad\u00e9quation entre :<\/p>\n<p>\u2022 le b\u00e2timent<\/p>\n<p>\u2022 les syst\u00e8mes de captage et de protection, l\u2019installation de chauffage et de r\u00e9gulation<\/p>\n<p>\u2022 le mode d\u2019occupation et le comportement des habitants.<\/p>\n<p>Ainsi, le chauffage et le rafra\u00eechissement \u00e9cologiques devront permettre de r\u00e9duire au maximum les besoins de chauffer et de climatiser.<\/p>\n<h3>Conception des espaces et des enveloppes :<\/h3>\n<p>Les fonctions de l\u2019enveloppe : profiter des \u00e9l\u00e9ments favorables du climat et \u00e9carter ceux qui sont d\u00e9favorables.<\/p>\n<p><span style=\"text-decoration: underline;\">Pour la saison froide :<\/span><\/p>\n<p>\u2022 Capter les calories solaires.<\/p>\n<p>\u2022 Les stocker ( pour pouvoir en b\u00e9n\u00e9ficier au moment opportun).<\/p>\n<p>\u2022 Conserver ces calories gratuites et \u00e9viter \u00e9galement la d\u00e9perdition des apports<\/p>\n<p>int\u00e9rieurs (chauffage et autres apports internes).<\/p>\n<p>\u2022 Aider \u00e0 une distribution efficace de l\u2019ensemble de ces calories dans l\u2019espace habit\u00e9.<\/p>\n<p><img loading=\"lazy\" decoding=\"async\" alt=\"croquis2\" src=\"http:\/\/www.architecte-rc.com\/images\/stories\/bioclimatisme\/croquis2.png\" style=\"vertical-align: middle; display: block; margin-left: auto; margin-right: auto;\" width=\"509\" height=\"271\" \/><\/p>\n<p><span style=\"text-decoration: underline;\">Pour la saison chaude :<\/span><\/p>\n<p>\u2022 Prot\u00e9ger du rayonnement solaire.<\/p>\n<p>\u2022 Eviter la p\u00e9n\u00e9tration des calories.<\/p>\n<p>\u2022 Dissiper les calories exc\u00e9dentaires.<\/p>\n<p>\u2022 On peut y ajouter le rafra\u00eechissement et la minimisation des apports internes.<\/p>\n<p><img loading=\"lazy\" decoding=\"async\" alt=\"croquis3\" src=\"http:\/\/www.architecte-rc.com\/images\/stories\/bioclimatisme\/croquis3.png\" style=\"display: block; margin-left: auto; margin-right: auto;\" width=\"509\" height=\"271\" \/><\/p>\n<p><span style=\"text-decoration: underline;\">Pour les demi-saisons :<\/span><\/p>\n<p>L\u2019enveloppe doit pouvoir s\u2019adapter de mani\u00e8re simple aux besoins par une combinaison de ces deux strat\u00e9gies.<\/p>\n<h3>Composer avec le site :<\/h3>\n<p>D\u2019une fa\u00e7on g\u00e9n\u00e9rale, en construction neuve, on choisira sur le terrain l\u2019endroit privil\u00e9gi\u00e9 pour b\u00e9n\u00e9ficier au maximum :<\/p>\n<p>\u2022 des <span style=\"color: #000000;\"><strong>protections naturelles<\/strong><\/span> au vent froid et au soleil estival par les mouvements du terrain naturel et la v\u00e9g\u00e9tation existante ;<\/p>\n<p>\u2022 de l\u2019ensoleillement hivernal en \u00e9vitant les masques port\u00e9s par les feuillages persistants, le relief et les b\u00e2tis existants.<\/p>\n<p><img loading=\"lazy\" decoding=\"async\" alt=\"croquis4\" src=\"http:\/\/www.architecte-rc.com\/images\/stories\/bioclimatisme\/croquis4.png\" style=\"display: block; margin-left: auto; margin-right: auto;\" width=\"501\" height=\"437\" \/><\/p>\n<h3>Optimiser la forme et l\u2019orientation :<\/h3>\n<p><span style=\"text-decoration: underline;\">L\u2019ensoleillement :<\/span><\/p>\n<p>C\u2019est la <span style=\"color: #000000;\"><strong>fa\u00e7ade sud qui re\u00e7oit le maximum de rayonnement solaire en hiver<\/strong><\/span>, et les fa\u00e7ades ouest et est, ainsi que la toiture en \u00e9t\u00e9. Bien que le rayonnement re\u00e7u en \u00e9t\u00e9 par la fa\u00e7ade est soit th\u00e9oriquement sym\u00e9trique \u00e0 celui de la fa\u00e7ade ouest, il est souvent inf\u00e9rieur du fait des n\u00e9bulosit\u00e9s matinales.<\/p>\n<p>On a donc int\u00e9r\u00eat, pour optimiser la thermique d\u2019hiver comme celle d\u2019\u00e9t\u00e9, <span style=\"color: #000000;\"><strong>\u00e0 d\u00e9velopper au maximum la surface des fa\u00e7ades sud, et \u00e0 r\u00e9duire celle des fa\u00e7ades est, ouest et des toitures.<\/strong><\/span><\/p>\n<p><img loading=\"lazy\" decoding=\"async\" alt=\"croquis5\" src=\"http:\/\/www.architecte-rc.com\/images\/stories\/bioclimatisme\/croquis5.png\" style=\"display: block; margin-left: auto; margin-right: auto;\" width=\"517\" height=\"242\" \/><\/p>\n<p><img loading=\"lazy\" decoding=\"async\" alt=\"croquis6\" src=\"http:\/\/www.architecte-rc.com\/images\/stories\/bioclimatisme\/croquis6.png\" style=\"display: block; margin-left: auto; margin-right: auto;\" width=\"517\" height=\"347\" \/><\/p>\n<p><span style=\"text-decoration: underline;\">La compacit\u00e9 :<\/span><\/p>\n<p><img loading=\"lazy\" decoding=\"async\" alt=\"croquis7\" src=\"http:\/\/www.architecte-rc.com\/images\/stories\/bioclimatisme\/croquis7.png\" style=\"float: right;\" width=\"256\" height=\"302\" \/>Pour un volume habit\u00e9 \u00e9quivalent, l\u2019enveloppe pr\u00e9sentant <span style=\"color: #000000;\"><strong>la plus faible surface de parois ext\u00e9rieures sera celle pr\u00e9sentant le moins de d\u00e9perditions thermiques.<\/strong><\/span> La recherche d\u2019une compacit\u00e9 relative se justifie aussi largement d\u2019un point de vue \u00e9conomique : moindre quantit\u00e9 de mat\u00e9riaux, moindre complexit\u00e9, et donc moindre co\u00fbts (\u00e9conomiques et \u00e9cologiques) de construction et de maintenance.<\/p>\n<p>Une autre \u00e9conomie appr\u00e9ciable de la compacit\u00e9 pour une maison par ailleurs bien con\u00e7ue d\u2019un point de vue bioclimatique est de pouvoir <span style=\"color: #000000;\"><strong>disposer au centre de l\u2019habitat d\u2019un unique appareil de chauffage par rayonnement<\/strong><\/span> qui apporte l\u2019appoint n\u00e9cessaire en saison froide.<\/p>\n<h3>Organiser les zones d\u2019habitat selon l\u2019ambiance thermique des espaces :<\/h3>\n<p>Les espaces habit\u00e9s en permanence de jour ou de nuit \u00e9tant ceux qui n\u00e9cessitent le plus de chaleur en hivers sont s\u00e9par\u00e9s de l\u2019ext\u00e9rieur par des espaces interm\u00e9diaires, dits \u00ab tampons \u00bb qui jouent le <span style=\"color: #000000;\"><strong>r\u00f4le de transitions et de protections thermiques.<\/strong><\/span><\/p>\n<p>\u2022 <span style=\"color: #000000;\"><strong>Au nord<\/strong><\/span>, on disposera prioritairement les espaces non chauff\u00e9s ou ceux ne n\u00e9cessitant pas une temp\u00e9rature \u00e9lev\u00e9e. En abaissant ainsi l\u2019\u00e9cart de temp\u00e9rature avec l\u2019ext\u00e9rieur selon les cas de 5 \u00e0 10\u00b0C, ces espaces tampons peuvent r\u00e9duire les d\u00e9perditions de 20 \u00e0 30%.<\/p>\n<p>\u2022 <span style=\"color: #000000;\"><strong>Au sud<\/strong><\/span>, la serre est un espace tampon temporairement limitant le refroidissement de nuit en hiver, mais aussi et surtout un espace capteur de calorie.<\/p>\n<p>\u2022 <span style=\"color: #000000;\"><strong>A l\u2019est et \u00e0 l\u2019ouest<\/strong><\/span>, on disposera de pr\u00e9f\u00e9rence des pi\u00e8ces demandant plut\u00f4t \u00e0 \u00eatre temp\u00e9r\u00e9es que chauff\u00e9es fortement, comme les chambres \u00e0 coucher.<\/p>\n<p><img loading=\"lazy\" decoding=\"async\" alt=\"croquis8\" src=\"http:\/\/www.architecte-rc.com\/images\/stories\/bioclimatisme\/croquis8.png\" style=\"display: block; margin-left: auto; margin-right: auto;\" width=\"509\" height=\"335\" \/><\/p>\n<h3>Des parois performantes :<\/h3>\n<p><span style=\"text-decoration: underline;\">Parois vitr\u00e9es :<\/span><\/p>\n<p>La capacit\u00e9 d\u2019un vitrage \u00e0 s\u2019opposer \u00e0 la fuite de calories est exprim\u00e9e par le coefficient de transmission thermique. Symbolis\u00e9 par la lettre U exprim\u00e9 en watts par m\u00e8tre carr\u00e9 Kelvin (W\/m2.K). Plus le coefficient de transmission thermique est faible, plus le vitrage est isolant.<\/p>\n<p>L\u2019am\u00e9lioration du coefficient de transmission U d\u2019un vitrage se fait gr\u00e2ce \u00e0 une ou plusieurs des solutions suivantes :<\/p>\n<p>\u2022 en doublant, voire en triplant le vitrage<\/p>\n<p>\u2022 en augmentant l\u2019\u00e9paisseur de la lame d\u2019air qui les s\u00e9pare<\/p>\n<p>\u2022 en rev\u00eatant une des faces du verre int\u00e9rieur d\u2019une couche \u00e0 faible \u00e9missivit\u00e9 (film<\/p>\n<p>m\u00e9tallique r\u00e9fl\u00e9chissant la chaleur)<\/p>\n<p>\u2022 en rempla\u00e7ant l\u2019air entre les vitrages par un gaz plus lourd que lui comme l\u2019argon ou le krypton pour diminuer les effets de la convection.<\/p>\n<p><img loading=\"lazy\" decoding=\"async\" alt=\"croquis9\" src=\"http:\/\/www.architecte-rc.com\/images\/stories\/bioclimatisme\/croquis9.png\" style=\"display: block; margin-left: auto; margin-right: auto;\" width=\"509\" height=\"440\" \/><\/p>\n<p><span style=\"text-decoration: underline;\">Parois opaques :<\/span><\/p>\n<p>Les parois et leur capacit\u00e9 diff\u00e8rent selon leur composition et leur fabrication :<\/p>\n<p>La composition :<\/p>\n<p>Une grande partie des calories capt\u00e9es du rayonnement solaire ou produites par les syst\u00e8mes de chauffage <span style=\"color: #000000;\"><strong>s\u2019\u00e9chappe des b\u00e2timents en traversant par conduction les parois ext\u00e9rieures en saison froide.<\/strong><\/span><\/p>\n<p>Pour qualifier la r\u00e9sistance thermique d\u2019une paroi, on utilise le coefficient de transmission thermique surfacique U, il d\u00e9pend de la conductivit\u00e9 thermique (coefficient lambda) et de l\u2019\u00e9paisseur des diff\u00e9rents composants de la paroi.<\/p>\n<p><strong>Plus U est faible plus la paroi est isolante.<\/strong><\/p>\n<p>Il faut n\u00e9anmoins penser que la valeur de U va descendre en fonction :<\/p>\n<p>\u2022 des liaisons entre parois et entre \u00e9l\u00e9ment de parois (ponts thermiques)<\/p>\n<p>\u2022 <span style=\"color: #000000;\"><strong>des d\u00e9fauts d\u2019\u00e9tanch\u00e9it\u00e9<\/strong><\/span><\/p>\n<p>\u2022 des \u00e9ventuels d\u00e9fauts de pose<\/p>\n<p>\u2022 des pertes de performance des mat\u00e9riaux et syst\u00e8mes constructifs dans le temps.<\/p>\n<p><span style=\"text-decoration: underline;\">Les ponts thermiques :<\/span><\/p>\n<p>Ils sont les parties de l\u2019enveloppe d\u2019un b\u00e2timent o\u00f9 sa r\u00e9sistance thermique est affaiblie de fa\u00e7on sensible. On les retrouve g\u00e9n\u00e9ralement \u00e0 la jonction de diff\u00e9rentes parois : entre deux fa\u00e7ades, entre mur et dalle, \u00e0 l\u2019entourage des menuiseries ext\u00e9rieures, au niveau des coffres de volets roulants, etc.<\/p>\n<p><img loading=\"lazy\" decoding=\"async\" alt=\"croquis11\" src=\"http:\/\/www.architecte-rc.com\/images\/stories\/bioclimatisme\/croquis11.png\" style=\"display: block; margin-left: auto; margin-right: auto;\" width=\"496\" height=\"401\" \/><\/p>\n<p><span style=\"color: #000000;\"><strong>La pr\u00e9sence de ponts thermique peut cependant \u00eatre \u00e9vit\u00e9e o\u00f9 limit\u00e9e<\/strong><\/span>. En construction neuve elle d\u00e9pend principalement du syst\u00e8me constructif choisi : peu de ponts thermique avec le syst\u00e8me d\u2019isolation r\u00e9partie (briques auto isolantes, b\u00e9ton cellulaire,\u2026), quasiment aucun avec les maison \u00e0 ossature bois et les syst\u00e8me d\u2019isolation par l\u2019ext\u00e9rieur.<\/p>\n<p><span style=\"text-decoration: underline;\">Autre avantages de la fa\u00e7ade bois :<\/span><\/p>\n<p>Gr\u00e2ce \u00e0 sa lame d\u2019air la fa\u00e7ade \u00e0 ossature bois permet d\u2019avoir toujours une temp\u00e9rature int\u00e9rieur inf\u00e9rieur \u00e0 celle d\u2019une fa\u00e7ade sans lame d\u2019air. Ainsi on a un avantage au niveau thermique et <span style=\"color: #000000;\"><strong>donc un gain aussi \u00e9conomique.<\/strong><\/span><\/p>\n<p><span style=\"color: #000000;\"><strong><img loading=\"lazy\" decoding=\"async\" alt=\"croquis12\" src=\"http:\/\/www.architecte-rc.com\/images\/stories\/bioclimatisme\/croquis12.png\" style=\"display: block; margin-left: auto; margin-right: auto;\" width=\"496\" height=\"248\" \/><\/strong><\/span><\/p>\n<p>Une isolation thermique performante est une isolation qui vous prot\u00e8gera aussi bien du froid que des fortes chaleurs.<\/p>\n<p><span style=\"text-decoration: underline;\">Une bonne isolation thermique est importante afin :<\/span><\/p>\n<p>\u2022 de diminuer la consommation de chauffage<\/p>\n<p>\u2022 de supprimer la consommation de climatisation<\/p>\n<p>\u2022 de r\u00e9duire les \u00e9missions de gaz \u00e0 effet de serre<\/p>\n<h3>UNE ISOLATION THERMIQUE PERFORMANTE EST UNE ISOLATION QUI VOUS PROTEGERA AUSSI BIEN DU FROID QUE DES FORTES CHALEURS<\/h3>\n<p>Une bonne isolation thermique est importante afin :<\/p>\n<p>\u00a0\u00a0\u00a0\u00a0\u00a0\u00a0 \u2022 de diminuer la consommation de chauffage<\/p>\n<p>\u00a0\u00a0\u00a0\u00a0\u00a0\u00a0 \u2022 de supprimer la consommation de climatisation<\/p>\n<p>\u00a0\u00a0\u00a0\u00a0\u00a0\u00a0 \u2022 de r\u00e9duire les \u00e9missions de gaz \u00e0 effet de serre<\/p>\n<p><img loading=\"lazy\" decoding=\"async\" alt=\"croquis13\" src=\"http:\/\/www.architecte-rc.com\/images\/stories\/bioclimatisme\/croquis13.png\" style=\"display: block; margin-left: auto; margin-right: auto;\" width=\"452\" height=\"427\" \/><\/p>\n<p><span style=\"text-decoration: underline;\">Isoler sainement<\/span><\/p>\n<p>Par essence, <span style=\"color: #000000;\"><strong>l\u2019isolation a vocation \u00e0 pr\u00e9server l\u2019environnement car elle permet des \u00e9conomies de chauffage et donc un moindre recours aux sources d\u2019\u00e9nergies polluantes.<\/strong><\/span><\/p>\n<p>Concernant les isolants, <strong><span style=\"color: #000000;\">la plupart des probl\u00e8mes d\u2019humidit\u00e9 proviennent de la condensation de la vapeur d\u2019eau contenue dans l\u2019air int\u00e9rieur chauff\u00e9, lorsqu\u2019il se refroidit en se rapprochant de la face externe des parois.<\/span><\/strong><\/p>\n<p>Conventionnellement, pour supprimer les transferts de calories dus \u00e0 un mur humide on utilise <span style=\"color: #000000;\"><strong>un pare-vapeur<\/strong><\/span> (imperm\u00e9able \u00e0 la vapeur d\u2019eau). Ce n\u2019est pas toujours la meilleure solution car sa mise en \u0153uvre implique une grande quantit\u00e9 de raccords qui constituent des passages \u00ab entonnoir \u00bb par o\u00f9 s\u2019\u00e9chappe la vapeur d\u2019eau, ce qui a pour effet de concentrer et d\u2019accentuer les d\u00e9gradations. Si le pare-vapeur est parfaitement pos\u00e9, il est imp\u00e9ratif d\u2019extraire la vapeur d\u2019eau en exc\u00e8s \u00e0 l\u2019int\u00e9rieur par une <strong><span style=\"color: #000000;\">VMC<\/span><\/strong> (ventilation m\u00e9canique contr\u00f4l\u00e9e) pour b\u00e9n\u00e9ficier d\u2019une qualit\u00e9 d\u2019air correcte car les parois ainsi \u00e9tanch\u00e9es n\u2019ont plus aucune capacit\u00e9 hygroscopique (facult\u00e9 \u00e0 absorber le surplus de vapeur d\u2019eau quand l\u2019air est trop humide et \u00e0 le restituer lorsqu\u2019il s\u2019ass\u00e8che).<\/p>\n<p><span style=\"color: #000000;\"><strong>En revanche, dans la m\u00e9thode \u00e9cologique<\/strong><\/span>, on ne r\u00e9alise pas de parois \u00e9tanches \u00e0 la vapeur d\u2019eau, ce qui permet d\u2019\u00e9viter les probl\u00e8mes de condensation. De plus, <span style=\"color: #000000;\"><strong>on utilise des mat\u00e9riaux poreux (\u00ab respirants \u00bb)<\/strong><\/span>, avec une grande capacit\u00e9 hygroscopique et on b\u00e9n\u00e9ficie ainsi des \u00e9changes entre les parois et l\u2019air ext\u00e9rieur. Par ailleurs, un isolant doit \u00eatre perm\u00e9able \u00e0 la vapeur d\u2019eau pour ne pas occasionner de g\u00eanes dus \u00e0 l\u2019humidit\u00e9.<\/p>\n<p>L\u2019isolation \u00e9cologique s\u2019int\u00e9resse \u00e0 l&rsquo;impact des techniques et des mat\u00e9riaux choisis sur l&rsquo;environnement, sur la sant\u00e9 et sur le bien-\u00eatre, en \u00e9vitant les mat\u00e9riaux dont la fabrication est polluante ou le recyclage impossible. Sur la sant\u00e9, en choisissant des mat\u00e9riaux sans risques pour ceux qui les fabriquent ou les mettent en \u0153uvre et pour les occupants. Sur le bien-\u00eatre, en pr\u00e9f\u00e9rant des modes d&rsquo;isolation qui n&rsquo;entravent pas les \u00e9changes entre la maison et l&rsquo;ext\u00e9rieur. <strong><span style=\"color: #000000;\">Une pi\u00e8ce est confortable si la diff\u00e9rence de temp\u00e9rature entre son air et ses murs n\u2019exc\u00e8de pas 3\u00b0C.<\/span><\/strong><\/p>\n<p><span style=\"text-decoration: underline;\">Faut-il isoler par l\u2019int\u00e9rieur ou par l\u2019ext\u00e9rieur ?<\/span><\/p>\n<p>\u2022 <strong>Isolation par l\u2019int\u00e9rieur<\/strong><\/p>\n<p>Elle permet un r\u00e9chauffement rapide de l\u2019air int\u00e9rieur (ce qui est utile dans les locaux \u00e0 utilisation intermittente) car l\u2019inertie thermique (capacit\u00e9 \u00e0 emmagasiner de la chaleur et \u00e0 la restituer plus tard, on parle alors de d\u00e9phasage) du mur n\u2019est pas effective. Toutefois, attention au risque de surchauffe l\u2019\u00e9t\u00e9.<\/p>\n<p>Ne modifie pas l\u2019aspect ext\u00e9rieur.<\/p>\n<p>Elle ne r\u00e9sout pas les ponts thermiques, c&rsquo;est-\u00e0-dire <span style=\"color: #000000;\"><strong>les zones \u00e9chappatoires des calories<\/strong><\/span> o\u00f9 la barri\u00e8re isolante est rompue, mais \u00e9vite le rayonnement des parois froides.<\/p>\n<p>\u2022 <span style=\"color: #000000;\"><strong>Isolation par l\u2019ext\u00e9rieur<\/strong><\/span><\/p>\n<p>Elle permet de profiter de <span style=\"color: #000000;\"><strong>l\u2019inertie thermique des murs<\/strong><\/span> pour r\u00e9guler la temp\u00e9rature dans la pi\u00e8ce, quand elle est chauff\u00e9e, les murs accumulent une partie de la chaleur qu\u2019ils restitueront progressivement lorsque le chauffage sera \u00e9teint. L\u2019inconv\u00e9nient est qu\u2019elle n\u00e9cessite un temps plus important pour r\u00e9chauffer une pi\u00e8ce froide.<\/p>\n<p>En outre, elle maintient la fra\u00eecheur en \u00e9t\u00e9 et \u00e9vite les ponts thermiques.<\/p>\n<p>C\u2019est une technique qui n\u2019est pas adapt\u00e9e aux r\u00e9sidences secondaires et qui peut s\u2019av\u00e9rer co\u00fbteuse.<\/p>\n<p style=\"text-align: center;\"><img loading=\"lazy\" decoding=\"async\" alt=\"trait-gris\" src=\"http:\/\/www.architecte-rc.com\/images\/stories\/bioclimatisme\/trait-gris.png\" width=\"503\" height=\"11\" \/><\/p>\n<h3>Sources<\/h3>\n<p><span style=\"text-decoration: underline;\">Articles :<\/span><\/p>\n<p>de INFO &#8211; ENERGIE : l&rsquo;isolation \u00e9cologique<br \/> du CAUE 79 : sur la conception bioclimatique<\/p>\n<p><span style=\"text-decoration: underline;\">Livres :<\/span><\/p>\n<p><strong><span style=\"color: #000000;\"><em>Chauffage, isolation et ventillation \u00e9cologiques<\/em><\/span><\/strong><br \/> de Paul DE HAUT, edition EYROLLES, Marsat 2007<\/p>\n<p><span style=\"color: #000000;\"><strong><em>La conception bioclimatique<\/em><\/strong><\/span><br \/> de Samuel CouRGEY et Jean-Pierre OLIVIA<\/p>\n<p><em><span style=\"color: #000000;\"><strong>La conception bioclimatique<\/strong><\/span><\/em><br \/> \u00e9dition TERRE VIVANTE, Mens 2006<\/p>\n<p>[\/et_pb_divider][et_pb_text _builder_version=\u00a0\u00bb3.22.7&Prime; text_font=\u00a0\u00bb|300|||||||\u00a0\u00bb text_line_height=\u00a0\u00bb1.1em\u00a0\u00bb header_font=\u00a0\u00bb||||||||\u00a0\u00bb header_2_font=\u00a0\u00bb||||||||\u00a0\u00bb header_2_font_size=\u00a0\u00bb40px\u00a0\u00bb header_2_line_height=\u00a0\u00bb1.4em\u00a0\u00bb header_3_font=\u00a0\u00bb||||||||\u00a0\u00bb locked=\u00a0\u00bboff\u00a0\u00bb]<\/p>\n<p>Gr\u00e2ce au logiciel SCENE, nous pourrons vous cr\u00e9er un fichier SCENE 2 GO dans lequel vous pourrez faire des visites virtuelles 360\u00b0.<\/p>\n<p>[\/et_pb_text][\/et_pb_column][\/et_pb_row][\/et_pb_section][et_pb_section fb_built=\u00a0\u00bb1&Prime; fullwidth=\u00a0\u00bbon\u00a0\u00bb _builder_version=\u00a0\u00bb3.22.3&Prime;][et_pb_fullwidth_image src=\u00a0\u00bbhttps:\/\/architecte-rc.com\/wp-content\/uploads\/2019\/04\/Pont-Vernay.jpg\u00a0\u00bb _builder_version=\u00a0\u00bb3.22.4&Prime; animation_style=\u00a0\u00bbslide\u00a0\u00bb animation_direction=\u00a0\u00bbbottom\u00a0\u00bb animation_intensity_slide=\u00a0\u00bb4%\u00a0\u00bb][\/et_pb_fullwidth_image][\/et_pb_section]<\/p>\n","protected":false},"excerpt":{"rendered":"<p>SCANNER 3D Que ce soit pour le domaine de l&rsquo;expertise architecturale ou de la sauvegarde du patrimoine, notre Scanner 3D fournit des illustrations 3D hyper-r\u00e9alistes et des images 360\u00b0 immersives rigoureusement identiques \u00e0 l&rsquo;existant. Ce proc\u00e9d\u00e9 nous permet d&rsquo;\u00eatre tr\u00e8s pr\u00e9cis dans les \u00e9tudes et d&rsquo;\u00e9viter de futures erreurs co\u00fbteuses lors de la r\u00e9alisation.Relev\u00e9s 3DQue [&hellip;]<\/p>\n","protected":false},"author":1,"featured_media":0,"parent":0,"menu_order":18,"comment_status":"closed","ping_status":"closed","template":"","meta":{"_et_pb_use_builder":"on","_et_pb_old_content":"","_et_gb_content_width":"","footnotes":""},"class_list":["post-703","page","type-page","status-publish","hentry"],"yoast_head":"<!-- This site is optimized with the Yoast SEO plugin v24.0 - https:\/\/yoast.com\/wordpress\/plugins\/seo\/ -->\n<title>Scanner 3D - R&amp;C<\/title>\n<meta name=\"description\" content=\"Que ce soit pour le domaine de l&#039;expertise architectural ou de la sauvegarde du patrimoine, notre Scanner 3D fournit des illustrations 3D hyper-r\u00e9alistes et des images 360\u00b0 immersive rigoureusement identiques \u00e0 l&#039;existant. Ce proc\u00e9d\u00e9 nous permet d&#039;\u00eatre tr\u00e8s pr\u00e9cis dans les \u00e9tudes et d&#039;\u00e9viter de futurs erreurs co\u00fbteuses lors de la r\u00e9alisation.\" \/>\n<meta name=\"robots\" content=\"index, follow, max-snippet:-1, max-image-preview:large, max-video-preview:-1\" \/>\n<link rel=\"canonical\" href=\"https:\/\/architecte-rc.com\/index.php\/scanner-3d\/\" \/>\n<meta property=\"og:locale\" content=\"fr_FR\" \/>\n<meta property=\"og:type\" content=\"article\" \/>\n<meta property=\"og:title\" content=\"Scanner 3D - R&amp;C\" \/>\n<meta property=\"og:description\" content=\"Que ce soit pour le domaine de l&#039;expertise architectural ou de la sauvegarde du patrimoine, notre Scanner 3D fournit des illustrations 3D hyper-r\u00e9alistes et des images 360\u00b0 immersive rigoureusement identiques \u00e0 l&#039;existant. Ce proc\u00e9d\u00e9 nous permet d&#039;\u00eatre tr\u00e8s pr\u00e9cis dans les \u00e9tudes et d&#039;\u00e9viter de futurs erreurs co\u00fbteuses lors de la r\u00e9alisation.\" \/>\n<meta property=\"og:url\" content=\"https:\/\/architecte-rc.com\/index.php\/scanner-3d\/\" \/>\n<meta property=\"og:site_name\" content=\"R&amp;C\" \/>\n<meta property=\"article:publisher\" content=\"https:\/\/www.facebook.com\/retcarchitectes\/\" \/>\n<meta property=\"article:modified_time\" content=\"2019-05-29T11:04:18+00:00\" \/>\n<meta property=\"og:image\" content=\"http:\/\/www.architecte-rc.com\/images\/stories\/bioclimatisme\/croquis1.png\" \/>\n<meta name=\"twitter:card\" content=\"summary_large_image\" \/>\n<meta name=\"twitter:label1\" content=\"Dur\u00e9e de lecture estim\u00e9e\" \/>\n\t<meta name=\"twitter:data1\" content=\"29 minutes\" \/>\n<script type=\"application\/ld+json\" class=\"yoast-schema-graph\">{\"@context\":\"https:\/\/schema.org\",\"@graph\":[{\"@type\":\"WebPage\",\"@id\":\"https:\/\/architecte-rc.com\/index.php\/scanner-3d\/\",\"url\":\"https:\/\/architecte-rc.com\/index.php\/scanner-3d\/\",\"name\":\"Scanner 3D - R&amp;C\",\"isPartOf\":{\"@id\":\"https:\/\/architecte-rc.com\/#website\"},\"primaryImageOfPage\":{\"@id\":\"https:\/\/architecte-rc.com\/index.php\/scanner-3d\/#primaryimage\"},\"image\":{\"@id\":\"https:\/\/architecte-rc.com\/index.php\/scanner-3d\/#primaryimage\"},\"thumbnailUrl\":\"http:\/\/www.architecte-rc.com\/images\/stories\/bioclimatisme\/croquis1.png\",\"datePublished\":\"2019-04-03T13:39:10+00:00\",\"dateModified\":\"2019-05-29T11:04:18+00:00\",\"description\":\"Que ce soit pour le domaine de l'expertise architectural ou de la sauvegarde du patrimoine, notre Scanner 3D fournit des illustrations 3D hyper-r\u00e9alistes et des images 360\u00b0 immersive rigoureusement identiques \u00e0 l'existant. Ce proc\u00e9d\u00e9 nous permet d'\u00eatre tr\u00e8s pr\u00e9cis dans les \u00e9tudes et d'\u00e9viter de futurs erreurs co\u00fbteuses lors de la r\u00e9alisation.\",\"breadcrumb\":{\"@id\":\"https:\/\/architecte-rc.com\/index.php\/scanner-3d\/#breadcrumb\"},\"inLanguage\":\"fr-FR\",\"potentialAction\":[{\"@type\":\"ReadAction\",\"target\":[\"https:\/\/architecte-rc.com\/index.php\/scanner-3d\/\"]}]},{\"@type\":\"ImageObject\",\"inLanguage\":\"fr-FR\",\"@id\":\"https:\/\/architecte-rc.com\/index.php\/scanner-3d\/#primaryimage\",\"url\":\"http:\/\/www.architecte-rc.com\/images\/stories\/bioclimatisme\/croquis1.png\",\"contentUrl\":\"http:\/\/www.architecte-rc.com\/images\/stories\/bioclimatisme\/croquis1.png\"},{\"@type\":\"BreadcrumbList\",\"@id\":\"https:\/\/architecte-rc.com\/index.php\/scanner-3d\/#breadcrumb\",\"itemListElement\":[{\"@type\":\"ListItem\",\"position\":1,\"name\":\"Accueil\",\"item\":\"https:\/\/architecte-rc.com\/\"},{\"@type\":\"ListItem\",\"position\":2,\"name\":\"Scanner 3D\"}]},{\"@type\":\"WebSite\",\"@id\":\"https:\/\/architecte-rc.com\/#website\",\"url\":\"https:\/\/architecte-rc.com\/\",\"name\":\"R&C Archtecture et Patrimoine\",\"description\":\"ARCHITECTURE &amp; PATRIMOINE\",\"publisher\":{\"@id\":\"https:\/\/architecte-rc.com\/#organization\"},\"potentialAction\":[{\"@type\":\"SearchAction\",\"target\":{\"@type\":\"EntryPoint\",\"urlTemplate\":\"https:\/\/architecte-rc.com\/?s={search_term_string}\"},\"query-input\":{\"@type\":\"PropertyValueSpecification\",\"valueRequired\":true,\"valueName\":\"search_term_string\"}}],\"inLanguage\":\"fr-FR\"},{\"@type\":\"Organization\",\"@id\":\"https:\/\/architecte-rc.com\/#organization\",\"name\":\"R&C Architecture et Patrimoine\",\"url\":\"https:\/\/architecte-rc.com\/\",\"logo\":{\"@type\":\"ImageObject\",\"inLanguage\":\"fr-FR\",\"@id\":\"https:\/\/architecte-rc.com\/#\/schema\/logo\/image\/\",\"url\":\"https:\/\/architecte-rc.com\/wp-content\/uploads\/2019\/03\/R-C-LOGO2.png\",\"contentUrl\":\"https:\/\/architecte-rc.com\/wp-content\/uploads\/2019\/03\/R-C-LOGO2.png\",\"width\":238,\"height\":108,\"caption\":\"R&C Architecture et Patrimoine\"},\"image\":{\"@id\":\"https:\/\/architecte-rc.com\/#\/schema\/logo\/image\/\"},\"sameAs\":[\"https:\/\/www.facebook.com\/retcarchitectes\/\"]}]}<\/script>\n<!-- \/ Yoast SEO plugin. -->","yoast_head_json":{"title":"Scanner 3D - R&amp;C","description":"Que ce soit pour le domaine de l'expertise architectural ou de la sauvegarde du patrimoine, notre Scanner 3D fournit des illustrations 3D hyper-r\u00e9alistes et des images 360\u00b0 immersive rigoureusement identiques \u00e0 l'existant. Ce proc\u00e9d\u00e9 nous permet d'\u00eatre tr\u00e8s pr\u00e9cis dans les \u00e9tudes et d'\u00e9viter de futurs erreurs co\u00fbteuses lors de la r\u00e9alisation.","robots":{"index":"index","follow":"follow","max-snippet":"max-snippet:-1","max-image-preview":"max-image-preview:large","max-video-preview":"max-video-preview:-1"},"canonical":"https:\/\/architecte-rc.com\/index.php\/scanner-3d\/","og_locale":"fr_FR","og_type":"article","og_title":"Scanner 3D - R&amp;C","og_description":"Que ce soit pour le domaine de l'expertise architectural ou de la sauvegarde du patrimoine, notre Scanner 3D fournit des illustrations 3D hyper-r\u00e9alistes et des images 360\u00b0 immersive rigoureusement identiques \u00e0 l'existant. Ce proc\u00e9d\u00e9 nous permet d'\u00eatre tr\u00e8s pr\u00e9cis dans les \u00e9tudes et d'\u00e9viter de futurs erreurs co\u00fbteuses lors de la r\u00e9alisation.","og_url":"https:\/\/architecte-rc.com\/index.php\/scanner-3d\/","og_site_name":"R&amp;C","article_publisher":"https:\/\/www.facebook.com\/retcarchitectes\/","article_modified_time":"2019-05-29T11:04:18+00:00","og_image":[{"url":"http:\/\/www.architecte-rc.com\/images\/stories\/bioclimatisme\/croquis1.png","type":"","width":"","height":""}],"twitter_card":"summary_large_image","twitter_misc":{"Dur\u00e9e de lecture estim\u00e9e":"29 minutes"},"schema":{"@context":"https:\/\/schema.org","@graph":[{"@type":"WebPage","@id":"https:\/\/architecte-rc.com\/index.php\/scanner-3d\/","url":"https:\/\/architecte-rc.com\/index.php\/scanner-3d\/","name":"Scanner 3D - R&amp;C","isPartOf":{"@id":"https:\/\/architecte-rc.com\/#website"},"primaryImageOfPage":{"@id":"https:\/\/architecte-rc.com\/index.php\/scanner-3d\/#primaryimage"},"image":{"@id":"https:\/\/architecte-rc.com\/index.php\/scanner-3d\/#primaryimage"},"thumbnailUrl":"http:\/\/www.architecte-rc.com\/images\/stories\/bioclimatisme\/croquis1.png","datePublished":"2019-04-03T13:39:10+00:00","dateModified":"2019-05-29T11:04:18+00:00","description":"Que ce soit pour le domaine de l'expertise architectural ou de la sauvegarde du patrimoine, notre Scanner 3D fournit des illustrations 3D hyper-r\u00e9alistes et des images 360\u00b0 immersive rigoureusement identiques \u00e0 l'existant. Ce proc\u00e9d\u00e9 nous permet d'\u00eatre tr\u00e8s pr\u00e9cis dans les \u00e9tudes et d'\u00e9viter de futurs erreurs co\u00fbteuses lors de la r\u00e9alisation.","breadcrumb":{"@id":"https:\/\/architecte-rc.com\/index.php\/scanner-3d\/#breadcrumb"},"inLanguage":"fr-FR","potentialAction":[{"@type":"ReadAction","target":["https:\/\/architecte-rc.com\/index.php\/scanner-3d\/"]}]},{"@type":"ImageObject","inLanguage":"fr-FR","@id":"https:\/\/architecte-rc.com\/index.php\/scanner-3d\/#primaryimage","url":"http:\/\/www.architecte-rc.com\/images\/stories\/bioclimatisme\/croquis1.png","contentUrl":"http:\/\/www.architecte-rc.com\/images\/stories\/bioclimatisme\/croquis1.png"},{"@type":"BreadcrumbList","@id":"https:\/\/architecte-rc.com\/index.php\/scanner-3d\/#breadcrumb","itemListElement":[{"@type":"ListItem","position":1,"name":"Accueil","item":"https:\/\/architecte-rc.com\/"},{"@type":"ListItem","position":2,"name":"Scanner 3D"}]},{"@type":"WebSite","@id":"https:\/\/architecte-rc.com\/#website","url":"https:\/\/architecte-rc.com\/","name":"R&C Archtecture et Patrimoine","description":"ARCHITECTURE &amp; PATRIMOINE","publisher":{"@id":"https:\/\/architecte-rc.com\/#organization"},"potentialAction":[{"@type":"SearchAction","target":{"@type":"EntryPoint","urlTemplate":"https:\/\/architecte-rc.com\/?s={search_term_string}"},"query-input":{"@type":"PropertyValueSpecification","valueRequired":true,"valueName":"search_term_string"}}],"inLanguage":"fr-FR"},{"@type":"Organization","@id":"https:\/\/architecte-rc.com\/#organization","name":"R&C Architecture et Patrimoine","url":"https:\/\/architecte-rc.com\/","logo":{"@type":"ImageObject","inLanguage":"fr-FR","@id":"https:\/\/architecte-rc.com\/#\/schema\/logo\/image\/","url":"https:\/\/architecte-rc.com\/wp-content\/uploads\/2019\/03\/R-C-LOGO2.png","contentUrl":"https:\/\/architecte-rc.com\/wp-content\/uploads\/2019\/03\/R-C-LOGO2.png","width":238,"height":108,"caption":"R&C Architecture et Patrimoine"},"image":{"@id":"https:\/\/architecte-rc.com\/#\/schema\/logo\/image\/"},"sameAs":["https:\/\/www.facebook.com\/retcarchitectes\/"]}]}},"_links":{"self":[{"href":"https:\/\/architecte-rc.com\/index.php\/wp-json\/wp\/v2\/pages\/703","targetHints":{"allow":["GET"]}}],"collection":[{"href":"https:\/\/architecte-rc.com\/index.php\/wp-json\/wp\/v2\/pages"}],"about":[{"href":"https:\/\/architecte-rc.com\/index.php\/wp-json\/wp\/v2\/types\/page"}],"author":[{"embeddable":true,"href":"https:\/\/architecte-rc.com\/index.php\/wp-json\/wp\/v2\/users\/1"}],"replies":[{"embeddable":true,"href":"https:\/\/architecte-rc.com\/index.php\/wp-json\/wp\/v2\/comments?post=703"}],"version-history":[{"count":23,"href":"https:\/\/architecte-rc.com\/index.php\/wp-json\/wp\/v2\/pages\/703\/revisions"}],"predecessor-version":[{"id":2369,"href":"https:\/\/architecte-rc.com\/index.php\/wp-json\/wp\/v2\/pages\/703\/revisions\/2369"}],"wp:attachment":[{"href":"https:\/\/architecte-rc.com\/index.php\/wp-json\/wp\/v2\/media?parent=703"}],"curies":[{"name":"wp","href":"https:\/\/api.w.org\/{rel}","templated":true}]}}