{"id":947,"date":"2019-04-24T13:42:49","date_gmt":"2019-04-24T11:42:49","guid":{"rendered":"https:\/\/architecte-rc.com\/?page_id=947"},"modified":"2019-05-27T11:43:52","modified_gmt":"2019-05-27T09:43:52","slug":"charles-koublokouff","status":"publish","type":"page","link":"https:\/\/architecte-rc.com\/index.php\/charles-koublokouff\/","title":{"rendered":"Charles KOUBLOKOUFF"},"content":{"rendered":"<p>[et_pb_section fb_built=\u00a0\u00bb1&Prime; inner_shadow=\u00a0\u00bbon\u00a0\u00bb next_background_color=\u00a0\u00bb#ffffff\u00a0\u00bb admin_label=\u00a0\u00bbWelcome &#038; About Us\u00a0\u00bb _builder_version=\u00a0\u00bb3.22.4&Prime; background_color=\u00a0\u00bb#121212&Prime; use_background_color_gradient=\u00a0\u00bbon\u00a0\u00bb background_color_gradient_start=\u00a0\u00bb#121212&Prime; background_color_gradient_end=\u00a0\u00bbrgba(18,18,18,0.6)\u00a0\u00bb background_color_gradient_start_position=\u00a0\u00bb20%\u00a0\u00bb background_color_gradient_overlays_image=\u00a0\u00bbon\u00a0\u00bb background_image=\u00a0\u00bbhttps:\/\/architecte-rc.com\/wp-content\/uploads\/2019\/04\/fond-bandeau-1.jpg\u00a0\u00bb parallax=\u00a0\u00bbon\u00a0\u00bb custom_padding=\u00a0\u00bb8%|0px|0%|0px||\u00a0\u00bb bottom_divider_style=\u00a0\u00bbslant2&Prime; bottom_divider_flip=\u00a0\u00bbhorizontal\u00a0\u00bb][et_pb_row use_custom_gutter=\u00a0\u00bbon\u00a0\u00bb gutter_width=\u00a0\u00bb1&Prime; custom_padding=\u00a0\u00bb0px|0px|0px|0px||\u00a0\u00bb custom_margin=\u00a0\u00bb|||\u00a0\u00bb _builder_version=\u00a0\u00bb3.22.3&Prime; background_size=\u00a0\u00bbinitial\u00a0\u00bb background_position=\u00a0\u00bbtop_left\u00a0\u00bb background_repeat=\u00a0\u00bbrepeat\u00a0\u00bb min_height=\u00a0\u00bb52px\u00a0\u00bb custom_width_px=\u00a0\u00bb992px\u00a0\u00bb][et_pb_column type=\u00a0\u00bb4_4&Prime; _builder_version=\u00a0\u00bb3.0.47&Prime;][et_pb_text _builder_version=\u00a0\u00bb3.22.4&Prime; text_font=\u00a0\u00bb||||||||\u00a0\u00bb header_font=\u00a0\u00bbRoboto|100||on|||||\u00a0\u00bb header_text_align=\u00a0\u00bbcenter\u00a0\u00bb header_font_size=\u00a0\u00bb50px\u00a0\u00bb header_font_size_phone=\u00a0\u00bb40px\u00a0\u00bb header_font_size_last_edited=\u00a0\u00bbon|desktop\u00a0\u00bb header_3_font=\u00a0\u00bbKarla|700||on|||||\u00a0\u00bb header_3_text_color=\u00a0\u00bbrgba(255,255,255,0.6)\u00a0\u00bb header_3_font_size=\u00a0\u00bb16px\u00a0\u00bb header_3_letter_spacing=\u00a0\u00bb1px\u00a0\u00bb background_layout=\u00a0\u00bbdark\u00a0\u00bb module_alignment=\u00a0\u00bbleft\u00a0\u00bb custom_margin=\u00a0\u00bb|||\u00a0\u00bb locked=\u00a0\u00bboff\u00a0\u00bb]<\/p>\n<h1 style=\"text-align: center;\"><span style=\"color: #c2ab92;\">TEMOIGNAGES<br \/>\n<\/span><\/h1>\n<p>[\/et_pb_text][\/et_pb_column][\/et_pb_row][et_pb_row use_custom_gutter=\u00a0\u00bbon\u00a0\u00bb gutter_width=\u00a0\u00bb1&Prime; custom_padding=\u00a0\u00bb27px|0px|100px|0px\u00a0\u00bb custom_margin=\u00a0\u00bb|||\u00a0\u00bb _builder_version=\u00a0\u00bb3.22.3&Prime; background_size=\u00a0\u00bbinitial\u00a0\u00bb background_position=\u00a0\u00bbtop_left\u00a0\u00bb background_repeat=\u00a0\u00bbrepeat\u00a0\u00bb min_height=\u00a0\u00bb119px\u00a0\u00bb custom_width_px=\u00a0\u00bb992px\u00a0\u00bb][et_pb_column type=\u00a0\u00bb4_4&Prime; _builder_version=\u00a0\u00bb3.0.47&Prime;][et_pb_text admin_label=\u00a0\u00bbTeam Section Subtitle\u00a0\u00bb _builder_version=\u00a0\u00bb3.22.4&Prime; text_font=\u00a0\u00bb||||||||\u00a0\u00bb text_font_size=\u00a0\u00bb16px\u00a0\u00bb text_line_height=\u00a0\u00bb1.1em\u00a0\u00bb header_font=\u00a0\u00bb||||||||\u00a0\u00bb background_size=\u00a0\u00bbinitial\u00a0\u00bb background_position=\u00a0\u00bbtop_left\u00a0\u00bb background_repeat=\u00a0\u00bbrepeat\u00a0\u00bb text_orientation=\u00a0\u00bbcenter\u00a0\u00bb background_layout=\u00a0\u00bbdark\u00a0\u00bb max_width=\u00a0\u00bb710px\u00a0\u00bb module_alignment=\u00a0\u00bbcenter\u00a0\u00bb animation_style=\u00a0\u00bbfold\u00a0\u00bb animation_direction=\u00a0\u00bbbottom\u00a0\u00bb animation_intensity_fold=\u00a0\u00bb20%\u00a0\u00bb]<\/p>\n<h3 style=\"text-align: center;\">CHARLES KOUBLOKOUFF, PR\u00c9SIDENT FONDATEUR<\/h3>\n<p style=\"text-align: center;\">COMPLEXE BIOP\u00d4LE &#8211; GROUPE L\u00c9A NATURE, P\u00c9RIGNY (17) <\/p>\n<p style=\"text-align: center;\">2014\/2017<\/p>\n<p>[\/et_pb_text][\/et_pb_column][\/et_pb_row][\/et_pb_section][et_pb_section fb_built=\u00a0\u00bb1&Prime; admin_label=\u00a0\u00bbServices\u00a0\u00bb _builder_version=\u00a0\u00bb3.22.3&Prime; custom_padding=\u00a0\u00bb90px|0px|90px|0px\u00a0\u00bb][et_pb_row custom_padding=\u00a0\u00bb0px|||||\u00a0\u00bb custom_margin=\u00a0\u00bb||50px|\u00a0\u00bb _builder_version=\u00a0\u00bb3.22.3&Prime; max_width=\u00a0\u00bb1440px\u00a0\u00bb use_custom_width=\u00a0\u00bbon\u00a0\u00bb custom_width_px=\u00a0\u00bb1440px\u00a0\u00bb][et_pb_column type=\u00a0\u00bb1_4&Prime; _builder_version=\u00a0\u00bb3.0.47&Prime;][et_pb_image src=\u00a0\u00bbhttps:\/\/architecte-rc.com\/wp-content\/uploads\/2019\/04\/LivreRC_exe_def8d_PDF2002-2.jpg\u00a0\u00bb _builder_version=\u00a0\u00bb3.22.4&Prime; box_shadow_style=\u00a0\u00bbpreset3&Prime; box_shadow_blur=\u00a0\u00bb80px\u00a0\u00bb max_width_last_edited=\u00a0\u00bboff|desktop\u00a0\u00bb custom_margin=\u00a0\u00bb|||\u00a0\u00bb custom_margin_tablet=\u00a0\u00bb60px|60px|60px|60px\u00a0\u00bb custom_margin_last_edited=\u00a0\u00bboff|desktop\u00a0\u00bb custom_padding=\u00a0\u00bb|||\u00a0\u00bb animation_style=\u00a0\u00bbslide\u00a0\u00bb animation_direction=\u00a0\u00bbleft\u00a0\u00bb animation_intensity_slide=\u00a0\u00bb4%\u00a0\u00bb][\/et_pb_image][\/et_pb_column][et_pb_column type=\u00a0\u00bb3_4&Prime; _builder_version=\u00a0\u00bb3.0.47&Prime;][et_pb_text _builder_version=\u00a0\u00bb3.22.4&Prime; text_font=\u00a0\u00bb||||||||\u00a0\u00bb header_font=\u00a0\u00bbRoboto|100||on|||||\u00a0\u00bb header_font_size_phone=\u00a0\u00bb40px\u00a0\u00bb header_font_size_last_edited=\u00a0\u00bboff|desktop\u00a0\u00bb header_3_font=\u00a0\u00bbKarla|700||on|||||\u00a0\u00bb header_3_text_color=\u00a0\u00bb#c2ab92&Prime; header_3_font_size=\u00a0\u00bb16px\u00a0\u00bb header_3_letter_spacing=\u00a0\u00bb1px\u00a0\u00bb module_alignment=\u00a0\u00bbright\u00a0\u00bb custom_margin=\u00a0\u00bb40px||20px|\u00a0\u00bb custom_padding=\u00a0\u00bb|||\u00a0\u00bb]<\/p>\n<h1>\u201cLe BiO\u2019P\u00f4le de L\u00e9a est notre nouveau-n\u00e9 et nous l\u2019avons suivi de pr\u00e8s !\u201d<\/h1>\n<p>[\/et_pb_text][et_pb_divider color=\u00a0\u00bb#c2ab92&Prime; divider_weight=\u00a0\u00bb2px\u00a0\u00bb _builder_version=\u00a0\u00bb3.2&Prime; max_width=\u00a0\u00bb150px\u00a0\u00bb height=\u00a0\u00bb2px\u00a0\u00bb custom_margin=\u00a0\u00bb|||\u00a0\u00bb custom_padding=\u00a0\u00bb|||-80px\u00a0\u00bb custom_padding_tablet=\u00a0\u00bb|0px||\u00a0\u00bb custom_padding_last_edited=\u00a0\u00bboff|desktop\u00a0\u00bb][\/et_pb_divider][et_pb_text _builder_version=\u00a0\u00bb3.22.7&Prime; text_font=\u00a0\u00bb|300|||||||\u00a0\u00bb text_line_height=\u00a0\u00bb1.1em\u00a0\u00bb header_font=\u00a0\u00bb||||||||\u00a0\u00bb header_2_font=\u00a0\u00bb||||||||\u00a0\u00bb header_2_font_size=\u00a0\u00bb40px\u00a0\u00bb header_2_line_height=\u00a0\u00bb1.4em\u00a0\u00bb header_3_font=\u00a0\u00bb|||on|||||\u00a0\u00bb header_4_font=\u00a0\u00bb|||on|||||\u00a0\u00bb header_4_font_size=\u00a0\u00bb16px\u00a0\u00bb locked=\u00a0\u00bboff\u00a0\u00bb]<\/p>\n<p style=\"text-align: justify;\">\u2026Le projet \u00e9tait complexe. D\u00e9j\u00e0 l\u2019emplacement, une zone industrielle et un site bord\u00e9 d\u2019une haie napol\u00e9onienne \u00e0 conserver. Notre ambition \u00e9tait de transformer nos quatre hectares en poumon vert de la zone d\u2019activit\u00e9s \u00e9conomiques.<\/p>\n<p style=\"text-align: justify;\">Ces contraintes s\u2019additionnaient \u00e0 celles li\u00e9es au b\u00e2timent que nous voulions \u00eatre exemplaire, c\u2019est-\u00e0-dire \u00e9coconstruit et bioclimatique.<\/p>\n<p style=\"text-align: justify;\">\u2026Et probablement plus atypique encore, nous voulions m\u00e9langer les usages et les publics pour ouvrir un lieu unique au plus grand nombre. L\u2019enjeu \u00e9tait de m\u00ealer harmonieusement un restaurant d\u2019entreprises bio et local, un snack 100% bio, un institut de beaut\u00e9, une boutique et un vaste complexe sportif, le tout interconnect\u00e9 et reli\u00e9 \u00e0 nos jardins paysagers et p\u00e9dagogiques (potager, serre, jardin des sens, jardin mandala, poulailler, ruches\u2026).<\/p>\n<p style=\"text-align: justify;\">Comme dans un village, les activit\u00e9s s\u2019encha\u00eeneraient du march\u00e9 de producteurs locaux au cocktail d\u00eenatoire en passant par des expositions et des s\u00e9minaires.<\/p>\n<p style=\"text-align: justify;\">Nous sommes impatients de voir \u00e9voluer le BiO\u2019P\u00f4le de L\u00e9a avec les saisons et de nous projeter dans le temps pour profiter de son \u00e9crin de verdure, quand le mandala sera en herbe, la cabane de jardinier mont\u00e9 et la fontaine install\u00e9e\u2026<\/p>\n<p>[\/et_pb_text][\/et_pb_column][\/et_pb_row][et_pb_row custom_padding=\u00a0\u00bb0px|||||\u00a0\u00bb custom_margin=\u00a0\u00bb||50px|\u00a0\u00bb _builder_version=\u00a0\u00bb3.22.3&Prime; max_width=\u00a0\u00bb1440px\u00a0\u00bb use_custom_width=\u00a0\u00bbon\u00a0\u00bb custom_width_px=\u00a0\u00bb1440px\u00a0\u00bb][et_pb_column type=\u00a0\u00bb1_4&Prime; _builder_version=\u00a0\u00bb3.0.47&Prime;][et_pb_image src=\u00a0\u00bbhttps:\/\/architecte-rc.com\/wp-content\/uploads\/2019\/04\/LivreRC_exe_def8d_PDF20023-2.jpg\u00a0\u00bb _builder_version=\u00a0\u00bb3.22.4&Prime; box_shadow_style=\u00a0\u00bbpreset3&Prime; box_shadow_blur=\u00a0\u00bb80px\u00a0\u00bb max_width_last_edited=\u00a0\u00bboff|desktop\u00a0\u00bb custom_margin=\u00a0\u00bb|||\u00a0\u00bb custom_margin_tablet=\u00a0\u00bb60px|60px|60px|60px\u00a0\u00bb custom_margin_last_edited=\u00a0\u00bboff|desktop\u00a0\u00bb custom_padding=\u00a0\u00bb|||\u00a0\u00bb animation_style=\u00a0\u00bbslide\u00a0\u00bb animation_direction=\u00a0\u00bbleft\u00a0\u00bb animation_intensity_slide=\u00a0\u00bb4%\u00a0\u00bb][\/et_pb_image][\/et_pb_column][et_pb_column type=\u00a0\u00bb3_4&Prime; _builder_version=\u00a0\u00bb3.0.47&Prime;][et_pb_text _builder_version=\u00a0\u00bb3.22.4&Prime; text_font=\u00a0\u00bb||||||||\u00a0\u00bb header_font=\u00a0\u00bbRoboto|100||on|||||\u00a0\u00bb header_font_size_phone=\u00a0\u00bb40px\u00a0\u00bb header_font_size_last_edited=\u00a0\u00bboff|desktop\u00a0\u00bb header_3_font=\u00a0\u00bbKarla|700||on|||||\u00a0\u00bb header_3_text_color=\u00a0\u00bb#c2ab92&Prime; header_3_font_size=\u00a0\u00bb16px\u00a0\u00bb header_3_letter_spacing=\u00a0\u00bb1px\u00a0\u00bb module_alignment=\u00a0\u00bbright\u00a0\u00bb custom_margin=\u00a0\u00bb40px||20px|\u00a0\u00bb custom_padding=\u00a0\u00bb|||\u00a0\u00bb]<\/p>\n<h1>\u201cNotre BiO\u2019P\u00f4le n\u00e9cessitait les comp\u00e9tences d\u2019un cabinet d\u2019architecte solide et rompu \u00e0 l\u2019\u00e9coconstruction.\u201d<\/h1>\n<p>[\/et_pb_text][et_pb_divider color=\u00a0\u00bb#c2ab92&Prime; divider_weight=\u00a0\u00bb2px\u00a0\u00bb _builder_version=\u00a0\u00bb3.2&Prime; max_width=\u00a0\u00bb150px\u00a0\u00bb height=\u00a0\u00bb2px\u00a0\u00bb custom_margin=\u00a0\u00bb|||\u00a0\u00bb custom_padding=\u00a0\u00bb|||-80px\u00a0\u00bb custom_padding_tablet=\u00a0\u00bb|0px||\u00a0\u00bb custom_padding_last_edited=\u00a0\u00bboff|desktop\u00a0\u00bb][\/et_pb_divider][et_pb_text _builder_version=\u00a0\u00bb3.22.7&Prime; text_font=\u00a0\u00bb|300|||||||\u00a0\u00bb text_line_height=\u00a0\u00bb1.1em\u00a0\u00bb header_font=\u00a0\u00bb||||||||\u00a0\u00bb header_2_font=\u00a0\u00bb||||||||\u00a0\u00bb header_2_font_size=\u00a0\u00bb40px\u00a0\u00bb header_2_line_height=\u00a0\u00bb1.4em\u00a0\u00bb header_3_font=\u00a0\u00bb|||on|||||\u00a0\u00bb header_4_font=\u00a0\u00bb|||on|||||\u00a0\u00bb header_4_font_size=\u00a0\u00bb16px\u00a0\u00bb locked=\u00a0\u00bboff\u00a0\u00bb]<\/p>\n<p style=\"text-align: justify;\">\u2026R&amp;C a \u00e9t\u00e9 s\u00e9lectionn\u00e9 apr\u00e8s un appel \u00e0 projet et la visite l\u2019\u00e9cole d\u2019Argenton-les-Vall\u00e9es et le moulin du marais \u00e0 Lezay : leurs r\u00e9f\u00e9rences, convictions et savoir-faire nous assuraient un partenariat fructueux. Le projet a \u00e9galement \u00e9t\u00e9 hors-norme pour eux : il s\u2019agissait d\u2019un ERP (\u00c9tablissement Recevant du Public) avec toutes ses normes, n\u2019\u00e9tant ni tout \u00e0 fait un b\u00e2timent industriel, commercial, scolaire, logistique ou une habitation.<\/p>\n<p style=\"text-align: justify;\">Une grande complexit\u00e9 \u00e0 laquelle ils se sont vite adapt\u00e9s en comprenant notre demande : un lieu doux, calme, accueillant et qui, malgr\u00e9 ses dimensions imposantes, donnerait une impression de chaleur humaine.<\/p>\n<p style=\"text-align: justify;\">Incontestablement, la qualit\u00e9 des mat\u00e9riaux y participe amplement. Le bois, les enduits terre et la lumi\u00e8re cr\u00e9e une ambiance tr\u00e8s agr\u00e9able, comme confortable.<\/p>\n<p style=\"text-align: justify;\">Le projet fourmille de bonnes surprises comme l\u2019acoustique de notre salle de restaurant. Il s\u2019en d\u00e9gage une grande s\u00e9r\u00e9nit\u00e9 obtenue gr\u00e2ce aux isolants en ouate de cellulose et fibre de bois et au parquet, c\u2019est un bonheur de pouvoir rassembler jusqu\u2019\u00e0 250 convives discutant sans provoquer le moindre brouhaha.<\/p>\n<p style=\"text-align: justify;\">\u2026Sandrine et Rapha\u00ebl ont cette sensibilit\u00e9 \u00e0 l\u2019Autre, \u00e0 la nature et aux animaux qu\u2019il fallait pour r\u00e9ussir notre projet.<\/p>\n<p style=\"text-align: justify;\">Ils ont tenu compte des recommandations de la LPO (Ligue de Protection des Oiseaux) pour les nichoirs install\u00e9s dans l\u2019ossature bois, ont respect\u00e9 la haie napol\u00e9onienne autour laquelle le gymnase s\u2019articule et ont propos\u00e9 des toitures v\u00e9g\u00e9talis\u00e9es.<\/p>\n<p style=\"text-align: justify;\">Ils ont su cr\u00e9er un grand cocon, fid\u00e8le \u00e0 notre \u00e9tat d\u2019esprit.<\/p>\n<p style=\"text-align: justify;\">Depuis, nous avons fait certifier le site \u00ab refuge LPO \u00bb.<\/p>\n<p>[\/et_pb_text][\/et_pb_column][\/et_pb_row][et_pb_row custom_padding=\u00a0\u00bb0px|||||\u00a0\u00bb custom_margin=\u00a0\u00bb||50px|\u00a0\u00bb _builder_version=\u00a0\u00bb3.22.3&Prime; max_width=\u00a0\u00bb1440px\u00a0\u00bb use_custom_width=\u00a0\u00bbon\u00a0\u00bb custom_width_px=\u00a0\u00bb1440px\u00a0\u00bb][et_pb_column type=\u00a0\u00bb1_4&Prime; _builder_version=\u00a0\u00bb3.0.47&Prime;][et_pb_image src=\u00a0\u00bbhttps:\/\/architecte-rc.com\/wp-content\/uploads\/2019\/04\/LivreRC_exe_def8d_PDF2002994.jpg\u00a0\u00bb _builder_version=\u00a0\u00bb3.22.4&Prime; box_shadow_style=\u00a0\u00bbpreset3&Prime; box_shadow_blur=\u00a0\u00bb80px\u00a0\u00bb max_width_last_edited=\u00a0\u00bboff|desktop\u00a0\u00bb custom_margin=\u00a0\u00bb|||\u00a0\u00bb custom_margin_tablet=\u00a0\u00bb60px|60px|60px|60px\u00a0\u00bb custom_margin_last_edited=\u00a0\u00bboff|desktop\u00a0\u00bb custom_padding=\u00a0\u00bb|||\u00a0\u00bb animation_style=\u00a0\u00bbslide\u00a0\u00bb animation_direction=\u00a0\u00bbleft\u00a0\u00bb animation_intensity_slide=\u00a0\u00bb4%\u00a0\u00bb][\/et_pb_image][\/et_pb_column][et_pb_column type=\u00a0\u00bb3_4&Prime; _builder_version=\u00a0\u00bb3.0.47&Prime;][et_pb_text _builder_version=\u00a0\u00bb3.22.4&Prime; text_font=\u00a0\u00bb||||||||\u00a0\u00bb header_font=\u00a0\u00bbRoboto|100||on|||||\u00a0\u00bb header_font_size_phone=\u00a0\u00bb40px\u00a0\u00bb header_font_size_last_edited=\u00a0\u00bboff|desktop\u00a0\u00bb header_3_font=\u00a0\u00bbKarla|700||on|||||\u00a0\u00bb header_3_text_color=\u00a0\u00bb#c2ab92&Prime; header_3_font_size=\u00a0\u00bb16px\u00a0\u00bb header_3_letter_spacing=\u00a0\u00bb1px\u00a0\u00bb module_alignment=\u00a0\u00bbright\u00a0\u00bb custom_margin=\u00a0\u00bb40px||20px|\u00a0\u00bb custom_padding=\u00a0\u00bb|||\u00a0\u00bb]<\/p>\n<h1>\u201cOn va appr\u00e9cier les choses dans la dur\u00e9e.\u201d<\/h1>\n<p>[\/et_pb_text][et_pb_divider color=\u00a0\u00bb#c2ab92&Prime; divider_weight=\u00a0\u00bb2px\u00a0\u00bb _builder_version=\u00a0\u00bb3.2&Prime; max_width=\u00a0\u00bb150px\u00a0\u00bb height=\u00a0\u00bb2px\u00a0\u00bb custom_margin=\u00a0\u00bb|||\u00a0\u00bb custom_padding=\u00a0\u00bb|||-80px\u00a0\u00bb custom_padding_tablet=\u00a0\u00bb|0px||\u00a0\u00bb custom_padding_last_edited=\u00a0\u00bboff|desktop\u00a0\u00bb][\/et_pb_divider][\/et_pb_column][\/et_pb_row][et_pb_row custom_padding=\u00a0\u00bb0px|||||\u00a0\u00bb custom_margin=\u00a0\u00bb||50px|\u00a0\u00bb _builder_version=\u00a0\u00bb3.22.3&Prime; max_width=\u00a0\u00bb1440px\u00a0\u00bb use_custom_width=\u00a0\u00bbon\u00a0\u00bb custom_width_px=\u00a0\u00bb1440px\u00a0\u00bb][et_pb_column type=\u00a0\u00bb4_4&Prime; _builder_version=\u00a0\u00bb3.0.47&Prime;][et_pb_text _builder_version=\u00a0\u00bb3.22.7&Prime; text_font=\u00a0\u00bb||||||||\u00a0\u00bb]<\/p>\n<p>Cr\u00e9dits<br \/> C\u00e9cile Girardin, auteur et historienne d\u2019entreprise<br \/> Photos \u00a9\u00c9ric Chauvet et \u00a9R&amp;C<\/p>\n<p>[\/et_pb_text][\/et_pb_column][\/et_pb_row][\/et_pb_section][et_pb_section fb_built=\u00a0\u00bb1&Prime; fullwidth=\u00a0\u00bbon\u00a0\u00bb _builder_version=\u00a0\u00bb3.22.3&Prime;][et_pb_fullwidth_image src=\u00a0\u00bbhttps:\/\/architecte-rc.com\/wp-content\/uploads\/2019\/05\/biopole-amphi3.png\u00a0\u00bb _builder_version=\u00a0\u00bb3.22.7&Prime; animation_style=\u00a0\u00bbslide\u00a0\u00bb animation_direction=\u00a0\u00bbbottom\u00a0\u00bb animation_intensity_slide=\u00a0\u00bb4%\u00a0\u00bb][\/et_pb_fullwidth_image][\/et_pb_section]<\/p>\n","protected":false},"excerpt":{"rendered":"<p>TEMOIGNAGES CHARLES KOUBLOKOUFF, PR\u00c9SIDENT FONDATEUR COMPLEXE BIOP\u00d4LE &#8211; GROUPE L\u00c9A NATURE, P\u00c9RIGNY (17) 2014\/2017\u201cLe BiO\u2019P\u00f4le de L\u00e9a est notre nouveau-n\u00e9 et nous l\u2019avons suivi de pr\u00e8s !\u201d\u2026Le projet \u00e9tait complexe. D\u00e9j\u00e0 l\u2019emplacement, une zone industrielle et un site bord\u00e9 d\u2019une haie napol\u00e9onienne \u00e0 conserver. Notre ambition \u00e9tait de transformer nos quatre hectares en poumon vert [&hellip;]<\/p>\n","protected":false},"author":1,"featured_media":0,"parent":0,"menu_order":8,"comment_status":"closed","ping_status":"closed","template":"","meta":{"_et_pb_use_builder":"on","_et_pb_old_content":"","_et_gb_content_width":"","footnotes":""},"class_list":["post-947","page","type-page","status-publish","hentry"],"yoast_head":"<!-- This site is optimized with the Yoast SEO plugin v24.0 - https:\/\/yoast.com\/wordpress\/plugins\/seo\/ -->\n<title>Charles KOUBLOKOUFF - R&amp;C<\/title>\n<meta name=\"robots\" content=\"index, follow, max-snippet:-1, max-image-preview:large, max-video-preview:-1\" \/>\n<link rel=\"canonical\" href=\"https:\/\/architecte-rc.com\/index.php\/charles-koublokouff\/\" \/>\n<meta property=\"og:locale\" content=\"fr_FR\" \/>\n<meta property=\"og:type\" content=\"article\" \/>\n<meta property=\"og:title\" content=\"Charles KOUBLOKOUFF - R&amp;C\" \/>\n<meta property=\"og:description\" content=\"TEMOIGNAGES CHARLES KOUBLOKOUFF, PR\u00c9SIDENT FONDATEUR COMPLEXE BIOP\u00d4LE - GROUPE L\u00c9A NATURE, P\u00c9RIGNY (17) 2014\/2017\u201cLe BiO\u2019P\u00f4le de L\u00e9a est notre nouveau-n\u00e9 et nous l\u2019avons suivi de pr\u00e8s !\u201d\u2026Le projet \u00e9tait complexe. D\u00e9j\u00e0 l\u2019emplacement, une zone industrielle et un site bord\u00e9 d\u2019une haie napol\u00e9onienne \u00e0 conserver. Notre ambition \u00e9tait de transformer nos quatre hectares en poumon vert [&hellip;]\" \/>\n<meta property=\"og:url\" content=\"https:\/\/architecte-rc.com\/index.php\/charles-koublokouff\/\" \/>\n<meta property=\"og:site_name\" content=\"R&amp;C\" \/>\n<meta property=\"article:publisher\" content=\"https:\/\/www.facebook.com\/retcarchitectes\/\" \/>\n<meta property=\"article:modified_time\" content=\"2019-05-27T09:43:52+00:00\" \/>\n<meta name=\"twitter:card\" content=\"summary_large_image\" \/>\n<meta name=\"twitter:label1\" content=\"Dur\u00e9e de lecture estim\u00e9e\" \/>\n\t<meta name=\"twitter:data1\" content=\"8 minutes\" \/>\n<script type=\"application\/ld+json\" class=\"yoast-schema-graph\">{\"@context\":\"https:\/\/schema.org\",\"@graph\":[{\"@type\":\"WebPage\",\"@id\":\"https:\/\/architecte-rc.com\/index.php\/charles-koublokouff\/\",\"url\":\"https:\/\/architecte-rc.com\/index.php\/charles-koublokouff\/\",\"name\":\"Charles KOUBLOKOUFF - R&amp;C\",\"isPartOf\":{\"@id\":\"https:\/\/architecte-rc.com\/#website\"},\"datePublished\":\"2019-04-24T11:42:49+00:00\",\"dateModified\":\"2019-05-27T09:43:52+00:00\",\"breadcrumb\":{\"@id\":\"https:\/\/architecte-rc.com\/index.php\/charles-koublokouff\/#breadcrumb\"},\"inLanguage\":\"fr-FR\",\"potentialAction\":[{\"@type\":\"ReadAction\",\"target\":[\"https:\/\/architecte-rc.com\/index.php\/charles-koublokouff\/\"]}]},{\"@type\":\"BreadcrumbList\",\"@id\":\"https:\/\/architecte-rc.com\/index.php\/charles-koublokouff\/#breadcrumb\",\"itemListElement\":[{\"@type\":\"ListItem\",\"position\":1,\"name\":\"Accueil\",\"item\":\"https:\/\/architecte-rc.com\/\"},{\"@type\":\"ListItem\",\"position\":2,\"name\":\"Charles KOUBLOKOUFF\"}]},{\"@type\":\"WebSite\",\"@id\":\"https:\/\/architecte-rc.com\/#website\",\"url\":\"https:\/\/architecte-rc.com\/\",\"name\":\"R&C Archtecture et Patrimoine\",\"description\":\"ARCHITECTURE &amp; PATRIMOINE\",\"publisher\":{\"@id\":\"https:\/\/architecte-rc.com\/#organization\"},\"potentialAction\":[{\"@type\":\"SearchAction\",\"target\":{\"@type\":\"EntryPoint\",\"urlTemplate\":\"https:\/\/architecte-rc.com\/?s={search_term_string}\"},\"query-input\":{\"@type\":\"PropertyValueSpecification\",\"valueRequired\":true,\"valueName\":\"search_term_string\"}}],\"inLanguage\":\"fr-FR\"},{\"@type\":\"Organization\",\"@id\":\"https:\/\/architecte-rc.com\/#organization\",\"name\":\"R&C Architecture et Patrimoine\",\"url\":\"https:\/\/architecte-rc.com\/\",\"logo\":{\"@type\":\"ImageObject\",\"inLanguage\":\"fr-FR\",\"@id\":\"https:\/\/architecte-rc.com\/#\/schema\/logo\/image\/\",\"url\":\"https:\/\/architecte-rc.com\/wp-content\/uploads\/2019\/03\/R-C-LOGO2.png\",\"contentUrl\":\"https:\/\/architecte-rc.com\/wp-content\/uploads\/2019\/03\/R-C-LOGO2.png\",\"width\":238,\"height\":108,\"caption\":\"R&C Architecture et Patrimoine\"},\"image\":{\"@id\":\"https:\/\/architecte-rc.com\/#\/schema\/logo\/image\/\"},\"sameAs\":[\"https:\/\/www.facebook.com\/retcarchitectes\/\"]}]}<\/script>\n<!-- \/ Yoast SEO plugin. -->","yoast_head_json":{"title":"Charles KOUBLOKOUFF - R&amp;C","robots":{"index":"index","follow":"follow","max-snippet":"max-snippet:-1","max-image-preview":"max-image-preview:large","max-video-preview":"max-video-preview:-1"},"canonical":"https:\/\/architecte-rc.com\/index.php\/charles-koublokouff\/","og_locale":"fr_FR","og_type":"article","og_title":"Charles KOUBLOKOUFF - R&amp;C","og_description":"TEMOIGNAGES CHARLES KOUBLOKOUFF, PR\u00c9SIDENT FONDATEUR COMPLEXE BIOP\u00d4LE - GROUPE L\u00c9A NATURE, P\u00c9RIGNY (17) 2014\/2017\u201cLe BiO\u2019P\u00f4le de L\u00e9a est notre nouveau-n\u00e9 et nous l\u2019avons suivi de pr\u00e8s !\u201d\u2026Le projet \u00e9tait complexe. D\u00e9j\u00e0 l\u2019emplacement, une zone industrielle et un site bord\u00e9 d\u2019une haie napol\u00e9onienne \u00e0 conserver. Notre ambition \u00e9tait de transformer nos quatre hectares en poumon vert [&hellip;]","og_url":"https:\/\/architecte-rc.com\/index.php\/charles-koublokouff\/","og_site_name":"R&amp;C","article_publisher":"https:\/\/www.facebook.com\/retcarchitectes\/","article_modified_time":"2019-05-27T09:43:52+00:00","twitter_card":"summary_large_image","twitter_misc":{"Dur\u00e9e de lecture estim\u00e9e":"8 minutes"},"schema":{"@context":"https:\/\/schema.org","@graph":[{"@type":"WebPage","@id":"https:\/\/architecte-rc.com\/index.php\/charles-koublokouff\/","url":"https:\/\/architecte-rc.com\/index.php\/charles-koublokouff\/","name":"Charles KOUBLOKOUFF - R&amp;C","isPartOf":{"@id":"https:\/\/architecte-rc.com\/#website"},"datePublished":"2019-04-24T11:42:49+00:00","dateModified":"2019-05-27T09:43:52+00:00","breadcrumb":{"@id":"https:\/\/architecte-rc.com\/index.php\/charles-koublokouff\/#breadcrumb"},"inLanguage":"fr-FR","potentialAction":[{"@type":"ReadAction","target":["https:\/\/architecte-rc.com\/index.php\/charles-koublokouff\/"]}]},{"@type":"BreadcrumbList","@id":"https:\/\/architecte-rc.com\/index.php\/charles-koublokouff\/#breadcrumb","itemListElement":[{"@type":"ListItem","position":1,"name":"Accueil","item":"https:\/\/architecte-rc.com\/"},{"@type":"ListItem","position":2,"name":"Charles KOUBLOKOUFF"}]},{"@type":"WebSite","@id":"https:\/\/architecte-rc.com\/#website","url":"https:\/\/architecte-rc.com\/","name":"R&C Archtecture et Patrimoine","description":"ARCHITECTURE &amp; PATRIMOINE","publisher":{"@id":"https:\/\/architecte-rc.com\/#organization"},"potentialAction":[{"@type":"SearchAction","target":{"@type":"EntryPoint","urlTemplate":"https:\/\/architecte-rc.com\/?s={search_term_string}"},"query-input":{"@type":"PropertyValueSpecification","valueRequired":true,"valueName":"search_term_string"}}],"inLanguage":"fr-FR"},{"@type":"Organization","@id":"https:\/\/architecte-rc.com\/#organization","name":"R&C Architecture et Patrimoine","url":"https:\/\/architecte-rc.com\/","logo":{"@type":"ImageObject","inLanguage":"fr-FR","@id":"https:\/\/architecte-rc.com\/#\/schema\/logo\/image\/","url":"https:\/\/architecte-rc.com\/wp-content\/uploads\/2019\/03\/R-C-LOGO2.png","contentUrl":"https:\/\/architecte-rc.com\/wp-content\/uploads\/2019\/03\/R-C-LOGO2.png","width":238,"height":108,"caption":"R&C Architecture et Patrimoine"},"image":{"@id":"https:\/\/architecte-rc.com\/#\/schema\/logo\/image\/"},"sameAs":["https:\/\/www.facebook.com\/retcarchitectes\/"]}]}},"_links":{"self":[{"href":"https:\/\/architecte-rc.com\/index.php\/wp-json\/wp\/v2\/pages\/947","targetHints":{"allow":["GET"]}}],"collection":[{"href":"https:\/\/architecte-rc.com\/index.php\/wp-json\/wp\/v2\/pages"}],"about":[{"href":"https:\/\/architecte-rc.com\/index.php\/wp-json\/wp\/v2\/types\/page"}],"author":[{"embeddable":true,"href":"https:\/\/architecte-rc.com\/index.php\/wp-json\/wp\/v2\/users\/1"}],"replies":[{"embeddable":true,"href":"https:\/\/architecte-rc.com\/index.php\/wp-json\/wp\/v2\/comments?post=947"}],"version-history":[{"count":11,"href":"https:\/\/architecte-rc.com\/index.php\/wp-json\/wp\/v2\/pages\/947\/revisions"}],"predecessor-version":[{"id":2195,"href":"https:\/\/architecte-rc.com\/index.php\/wp-json\/wp\/v2\/pages\/947\/revisions\/2195"}],"wp:attachment":[{"href":"https:\/\/architecte-rc.com\/index.php\/wp-json\/wp\/v2\/media?parent=947"}],"curies":[{"name":"wp","href":"https:\/\/api.w.org\/{rel}","templated":true}]}}